{"id":557,"date":"2023-01-25T11:52:32","date_gmt":"2023-01-25T11:52:32","guid":{"rendered":"https:\/\/noweprzetargi.pl\/warsztaty\/?page_id=557"},"modified":"2026-04-03T08:08:25","modified_gmt":"2026-04-03T08:08:25","slug":"ustka","status":"publish","type":"page","link":"https:\/\/noweprzetargi.pl\/warsztaty\/ustka\/","title":{"rendered":"Ustka"},"content":{"rendered":"<div class=\"bt_rc_container\"><section id=\"home\" data-parallax=\"0.1\" data-parallax-offset=\"0\" class=\"boldSection topExtraSpaced bottomSpaced btDarkSkin gutter btBottomVertical btParallax wBackground cover\" style=\"background-image:url('https:\/\/noweprzetargi.pl\/warsztaty\/wp-content\/uploads\/2025\/09\/grand_lubicz66.jpg');\"><div class=\"port\"><div class=\"boldCell\"><div class=\"boldCellInner\"><div class=\"boldRow \" ><div class=\"boldRowInner\"><div class=\"rowItem col-md-12 col-ms-12  btTextLeft animate animate-fadein animate-moveleft inherit\"  data-width=\"12\"><div class=\"rowItemContent\" ><div class=\"btClear btSeparator topExtraSpaced noBorder\" ><hr><\/div><header class=\"header btClear large btDash bottomDash\" ><div class=\"dash\"><h2><span class=\"headline\">Jacek Jerka \/ <b class=\"animate\">3<\/b> dni \/<b class=\"animate\">w 100%<\/b> konkretnie\r<br>10-12 czerwca 2026, <b class=\"animate\">Ustka<\/b> Grand Lubicz *****<\/span><\/h2><\/div><div class=\"btSubTitle\">PRAKTYCZNE WARSZTATY ZAM\u00d3WIE\u0143 PUBLICZNYCH: Zam\u00f3wienia Publiczne 2026: najnowsze zmiany w przepisach w trakcie roku, problemy, zawi\u0142o\u015bci, praktyczne wskaz\u00f3wki. Zam\u00f3wienia ze \u015brodk\u00f3w krajowych, unijnych oraz KPO.<\/div><\/header><\/div><\/div><\/div><\/div><\/div><\/div><\/div><\/section><section id=\"bt_section69f0a45c36fa0\"  class=\"boldSection topSemiSpaced bottomSemiSpaced btDarkSkin gutter inherit\" style=\"background-color:#6d001d;\"><div class=\"port\"><div class=\"boldCell\"><div class=\"boldCellInner\"><div class=\"boldRow \" ><div class=\"boldRowInner\"><div class=\"rowItem col-md-6 col-sm-12 btTextLeft inherit\"  data-width=\"6\"><div class=\"rowItemContent\" ><header class=\"header btClear medium btDash bottomDash\" style=\"margin-bottom: 0px;\"><div class=\"dash\"><h3><span class=\"headline\">Odliczamy ju\u017c czas<\/span><\/h3><\/div><div class=\"btSubTitle\">Sprawd\u017a wszystkie szczeg\u00f3\u0142y szkolenia &#8211; zg\u0142o\u015b si\u0119 ju\u017c dzisiaj<\/div><\/header><div class=\"btClear btSeparator topExtraSmallSpaced noBorder\" ><hr><\/div><div class=\"btClear btSeparator topExtraSmallSpaced noBorder\" ><hr><\/div><\/div><\/div><div class=\"rowItem col-md-6 col-sm-12 btTextLeft inherit\"  data-width=\"6\"><div class=\"rowItemContent\" ><div class=\"btClear btSeparator topExtraSmallSpaced noBorder\" ><hr><\/div><div class=\"btCounterHolder btCounterLargeSize\"><div class=\"btCountdownHolder\" data-init-seconds=\"3714404\" data-init-target-seconds=\"1781092800\"><span class=\"days\" data-text=\"dys\"><\/span><span class=\"separator\">:<\/span><span class=\"hours\"><span class=\"n0\"><span><\/span><span><\/span><\/span><span class=\"n1\"><span><\/span><span><\/span><\/span><span class=\"hours_text\"><span>hrs<\/span><\/span><\/span><span class=\"separator\">:<\/span><span class=\"minutes\"><span class=\"n0\"><span><\/span><span><\/span><\/span><span class=\"n1\"><span><\/span><span><\/span><\/span><span class=\"minutes_text\"><span>min<\/span><\/span><\/span><span class=\"separator\">:<\/span><span class=\"seconds\"><span class=\"n0\"><span><\/span><span><\/span><\/span><span class=\"n1\"><span><\/span><span><\/span><\/span><span class=\"seconds_text\"><span>sec<\/span><\/span><\/span><\/div><\/div><div class=\"btClear btSeparator topExtraSmallSpaced noBorder\" ><hr><\/div><\/div><\/div><\/div><\/div><div class=\"boldRow \" ><div class=\"boldRowInner\"><div class=\"rowItem col-md-12 col-ms-12  btTextLeft\"  data-width=\"12\"><div class=\"rowItemContent\" ><\/div><\/div><\/div><\/div><\/div><\/div><\/div><\/section><section id=\"workshops\"  class=\"boldSection topSemiSpaced bottomSpaced gutter inherit\" ><div class=\"port\"><div class=\"boldCell\"><div class=\"boldCellInner\"><div class=\"boldRow \" ><div class=\"boldRowInner\"><div class=\"rowItem col-md-6 col-sm-12 btTextLeft animate animate-fadein inherit\"  data-width=\"6\"><div class=\"rowItemContent\" ><header class=\"header btClear medium btDash bottomDash\" ><div class=\"dash\"><h3><span class=\"headline\">Warsztaty<\/span><\/h3><\/div><div class=\"btSubTitle\">Zapraszamy na kolejne ju\u017c Warsztaty Zam\u00f3wie\u0144 Publicznych Jacka Jerki: &quot;Zam\u00f3wienia Publiczne 2026: najnowsze zmiany w przepisach w trakcie roku, problemy, zawi\u0142o\u015bci, praktyczne wskaz\u00f3wki. Zam\u00f3wienia ze \u015brodk\u00f3w krajowych, unijnych oraz KPO.&quot;\r<br>\r<br>Rok 2026 biegnie. Kolejne zmiany wchodz\u0105 w \u017cycie, maj\u0105 one realny wp\u0142yw na prac\u0119 dzia\u0142\u00f3w zam\u00f3wie\u0144 publicznych. Na najbli\u017cszych warsztatach skupimy si\u0119 na praktycznej stronie wdro\u017cenia zmian, na mo\u017cliwych b\u0142\u0119dach i nieprawid\u0142owo\u015bciach w interpretacji i stosowaniu nowych przepis\u00f3w. Bogate orzecznictwo, najnowsze orzeczenia dotycz\u0105ce konkretnych stan\u00f3w faktycznych oraz przyk\u0142ady z prawdziwego \u017cycia &#8211; tym b\u0119dziemy si\u0119 zajmowa\u0107 przez te intensywne trzy dni. Do tego wszystko w jednym z najlepszych hoteli na polskim wybrze\u017cu, miejscu gwarantuj\u0105cym najwy\u017cszy komfort uczestnikom szkolenia. Serdecznie zapraszamy! <\/div><\/header><div class=\"btClear btSeparator topSemiSpaced noBorder\" ><hr><\/div><a href=\"https:\/\/noweprzetargi.pl\/warsztaty\/wp-content\/uploads\/2026\/04\/Zaproszenie_JJ_10-12-06-2026_USTKA.docx\" class=\"btBtn btBtn btnFilledStyle btnAccentColor btnMedium btnNormalWidth btnInlinePosition btnNoIcon\" ><span class=\"btnInnerText\">Pobierz zaproszenie na szkolenie<\/span><\/a><\/div><\/div><div class=\"rowItem col-md-6 col-sm-12 btTextLeft animate animate-fadein animate-moveup inherit\"  data-width=\"6\"><div class=\"rowItemContent\" ><div class=\"btClear btSeparator topSemiSpaced noBorder\" ><hr><\/div><div class=\"btClear btSeparator topSmallSpaced noBorder\" ><hr><\/div><header class=\"header btClear medium btDash bottomDash\" ><div class=\"btSuperTitle\">Poprzednie edycje Warsztat\u00f3w&#8230;<\/div><div class=\"dash\"><h3><span class=\"headline\">Zobacz opinie<\/span><\/h3><\/div><div class=\"btSubTitle\"><b>Inspektor \/ Urz\u0105d Gminy<\/b>\r<br>Profesjonalny prowadz\u0105cy Pan Jacek Jerka! Przesympatyczni, kompetentni bardzo pomocni organizatorzy.\r<br>\r<br><b>G\u0142\u00f3wny Specjalista \/ Uniwersytet<\/b>\r<br>Merytorycznie na wysokim poziomie, wysoka kultura trenera, opiekunowie pe\u0142en profesjonalizm. Przyjemne z po\u017cytecznym. Ciekawy program szkolenia, materia\u0142y szkoleniowe obszerne i na wysokim poziomie. Plus za atrakcyjne zorganizowanie czasu wolnego.\r<br>\r<br><b>Starszy Inspektor \/ Urz\u0105d Miasta<\/b>\r<br>Cudowna atmosfera, wysoki profesjonalizm oraz organizatorzy, kt\u00f3rzy byli do dyspozycji w ka\u017cdej chwili i sprawili, ze zesp\u00f3\u0142 si\u0119 szybko zintegrowa\u0142.\r<br>\r<br><b>Specjalista \/ Instytucja Samorz\u0105dowa<\/b>\r<br>Organizacja na najwy\u017cszym poziomie. Wyk\u0142adowca z ogromn\u0105 wiedz\u0105, kt\u00f3r\u0105 przekazuje w spos\u00f3b jasny i przyst\u0119pny. Dobra organizacja hotelu.\r<br>\r<br><b>Kierownik \/Wojew\u00f3dzki Inspektorat Ochrony Ro\u015blin i Nasiennictwa<\/b>\r<br>Ca\u0142e szkolenie oceniam du\u017co powy\u017cej oczekiwa\u0144. Najlepsze na jakim by\u0142am. Bardzo kompetentny wyk\u0142adowca, obs\u0142uga o bardzo wysokiej kulturze, warunki hotelowe rewelacyjne.\r<br>\r<br><b>Specjalista \/ Centrum Us\u0142ug Wsp\u00f3lnych<\/b>\r<br>Szkolenie \u015bwietnie zorganizowane, a poruszane kwestie i omawiany materia\u0142 bardzo merytoryczne. Opieka jak\u0105 organizatorzy otoczyli uczestnik\u00f3w na najwy\u017cszym poziomie.\r<br>\r<br><b>Kierownik \/ Park Kultury<\/b>\r<br>Szkolenie bardzo przydatne i ciekawe. Organizatorzy potrafi\u0105 rozrusza\u0107 ka\u017cd\u0105 imprez\u0119. Jedno z najlepszych szkole\u0144 na jakich by\u0142em.\r<br>\r<br><b>Zast\u0119pca Kierownika Oddzia\u0142u Gospodarczego \/ S\u0105d Rejonowy<\/b>\r<br>Jak zwykle szkolenie na najwy\u017cszym poziomie merytorycznym jak i organizacyjnym.\r<br>\r<br><b>Starszy Inspektor \/ Szpital Neuropsychiatryczny<\/b>\r<br>Jako\u015b\u0107 materia\u0142\u00f3w bardzo dobra, wyk\u0142adowca bardzo przyst\u0119pnie i merytorycznie wyja\u015bnia niuanse. Bardzo du\u017co praktycznych przyk\u0142ad\u00f3w. Og\u00f3lnie szkolenie bardzo ciekawe i interesuj\u0105ce.\r<br>\r<br><b>Specjalista\/ Sp\u00f3\u0142ka z o.o.<\/b>\r<br>Wyk\u0142adowca z bardzo cenn\u0105 wiedz\u0105 praktyczn\u0105, kt\u00f3ry potrafi j\u0105 przekaza\u0107. Miejsce szkolenia \u015bwietnie dobrane.\r<br>\r<br><b>Kierownik \/ Miejskie Przedsi\u0119biorstwo Wodoci\u0105g\u00f3w i Kanalizacji<\/b>\r<br>Szkolenie bardzo merytoryczne i pod wzgl\u0119dem organizacyjnym doskonale przygotowane. Wysokie kompetencje, spos\u00f3b przekazania wiedzy i prowadzenia warsztat\u00f3w w oparciu o liczne przyk\u0142ady praktyczne, orzeczenia s\u0105d\u00f3w i wyroki KIO. Udost\u0119pnione materia\u0142y by\u0142y na najwy\u017cszym poziomie.\r<br>\r<br><b>Kierownik \/ Zarz\u0105d Port\u00f3w<\/b>\r<br>Szkolenie w pe\u0142ni spe\u0142ni\u0142o moje oczekiwania a wiedza zdobyta podczas szkolenia b\u0119dzie praktycznie wykorzystana w mojej pracy.\r<br><\/div><\/header><div class=\"btClear btSeparator topSemiSpaced noBorder\" ><hr><\/div><\/div><\/div><\/div><\/div><\/div><\/div><\/div><\/section><section id=\"zakres\"  class=\"boldSection topSpaced bottomSpaced btLightSkin gutter inherit\" ><div class=\"port\"><div class=\"boldCell\"><div class=\"boldCellInner\"><div class=\"boldRow \" ><div class=\"boldRowInner\"><div class=\"rowItem col-md-12 col-ms-12  btTextLeft\"  data-width=\"12\"><div class=\"rowItemContent\" ><header class=\"header btClear large\" ><div class=\"btSuperTitle\">Sprawd\u017a<\/div><div class=\"dash\"><h2><span class=\"headline\">Zakres merytoryczny<\/span><\/h2><\/div><\/header><div class=\"btClear btSeparator bottomSmallSpaced noBorder\" ><hr><\/div><\/div><\/div><\/div><\/div><div class=\"boldRow \" ><div class=\"boldRowInner\"><div class=\"rowItem col-md-12 col-ms-12  btTextLeft animate animate-fadein animate-moveup btHighlight inherit btDoublePadding\"  data-width=\"12\"><div class=\"rowItemContent\" ><div class=\"btClear btSeparator topSemiSpaced noBorder\" ><hr><\/div><header class=\"header btClear medium btDash bottomDash\" ><div class=\"btSuperTitle\">10 czerwca \u015aRODA<\/div><div class=\"dash\"><h3><span class=\"headline\">Dzie\u0144 pierwszy<\/span><\/h3><\/div><\/header><header class=\"header btClear medium\" ><div class=\"btSuperTitle\">do 12:00<\/div><\/header><header class=\"header btClear small\" ><div class=\"dash\"><h4><span class=\"headline\">Kwaterowanie uczestnik\u00f3w w miar\u0119 dost\u0119pno\u015bci pokoi<\/span><\/h4><\/div><\/header><header class=\"header btClear medium\" ><div class=\"btSuperTitle\">12:00-14:00<\/div><\/header><header class=\"header btClear small\" ><div class=\"dash\"><h4><span class=\"headline\">BLOK I \u2013 WPROWADZENIE. ZMIANY W ZAM\u00d3WIENIACH PUBLICZNYCH 2025\u20132026 (CO \u2013 KIEDY \u2013 JAK STOSOWA\u0106 W PRAKTYCE)\r<br>1. Zmiany od 9 wrze\u015bnia 2025 r. &#8211; wykonawcy z pa\u0144stw trzecich \u2013 stosowanie tych zmian w praktyce:\r<br>\u2022 ograniczenie dost\u0119pu wykonawcy spoza UE\/GPA,\r<br>\u2022 zasady dopuszczania wykonawc\u00f3w \u2013 decyzja zamawiaj\u0105cego i jej uj\u0119cie w SWZ,\r<br>\u2022 problemy praktyczne: konsorcja mieszane, ustalanie statusu wykonawcy, wymagane dokumenty,\r<br>\u2022 ryzyka i najcz\u0119stsze b\u0142\u0119dy: brak zapis\u00f3w w SWZ, nieprawid\u0142owe dopuszczenie lub wykluczenie wykonawcy, b\u0142\u0119dy w ocenie konsorcj\u00f3w oraz ich konsekwencje.\r<br>2. Zmiany od 1 stycznia 2026 r. &#8211; najwi\u0119ksza nowelizacja \u2013 praktyczne konsekwencje:\r<br>\u2022 nowy pr\u00f3g stosowania PZP: 130 000 z\u0142 na 170 000 z\u0142, wi\u0119cej zam\u00f3wie\u0144 poza PZP, konieczno\u015b\u0107 aktualizacji re-gulamin\u00f3w i plan\u00f3w zam\u00f3wie\u0144,\r<br>\u2022 wzmocnienie analizy potrzeb i wymaga\u0144: obowi\u0105zek realnej analizy rynku, dokumentowanie przygotowania post\u0119powania, wi\u0119ksza kontrola zamawiaj\u0105cego,\r<br>\u2022 ryzyka, najcz\u0119stsze b\u0142\u0119dy i ich konsekwencje: b\u0142\u0119dna kwalifikacja zam\u00f3wienia, brak aktualizacji procedur, niedokumentowanie analizy potrzeb i rynku.\r<br><\/span><\/h4><\/div><\/header><header class=\"header btClear medium\" ><div class=\"btSuperTitle\">13:00-14:00<\/div><\/header><header class=\"header btClear small\" ><div class=\"dash\"><h4><span class=\"headline\">Przerwa obiadowa<\/span><\/h4><\/div><\/header><header class=\"header btClear medium\" ><div class=\"btSuperTitle\">14:00 &#8211; 18:00 <\/div><\/header><header class=\"header btClear small\" ><div class=\"dash\"><h4><span class=\"headline\">BLOK I \u2013 WPROWADZENIE. ZMIANY W ZAM\u00d3WIENIACH PUBLICZNYCH 2025\u20132026 (CO \u2013 KIEDY \u2013 JAK STOSOWA\u0106 W PRAKTYCE) &#8211; ci\u0105g dalszy:\r<br>\r<br>3. Zmiany od 13 marca 2026 r. \u2013 deregulacja \u2013 konsekwencje dla Zamawiaj\u0105cych i Wykonawc\u00f3w:\r<br>\u2022 zmiany w post\u0119powaniu odwo\u0142awczym, w tym nowe zasady stosowania przepis\u00f3w przy odwo\u0142aniach,\r<br>\u2022 przepisy przej\u015bciowe: r\u00f3\u017cne zasady dla post\u0119powa\u0144 wszcz\u0119tych przed i po 13.03.2026,\r<br>\u2022 ryzyka, najcz\u0119stsze b\u0142\u0119dy i ich konsekwencje: b\u0142\u0119dne stosowanie przepis\u00f3w przej\u015bciowych, chaos w post\u0119-powaniach \u201estarych\u201d i \u201enowych\u201d, brak aktualizacji dokumentacji.\r<br>4. Zmiany od 3 kwietnia 2026 r. &#8211; cyberbezpiecze\u0144stwo w PZP \u2013 jak interpretowa\u0107?:\r<br>\u2022 nowe podstawy odrzucenia ofert na produkty, us\u0142ugi i procesy ICT o wysokim ryzyku dla bezpiecze\u0144stwa pa\u0144stwa,\r<br>\u2022 decyzje o \u201ewykonawcach wysokiego ryzyka\u201d wp\u0142ywaj\u0105ce na dopuszczenie do post\u0119powania,\r<br>\u2022 obowi\u0105zek aktualizacji SWZ i dokument\u00f3w post\u0119powania,\r<br>5. Zmiany 2026 r. &#8211; certyfikacja wykonawc\u00f3w \u2013 konsekwencje w procedurze:\r<br>\u2022 wprowadzenie systemu certyfikacji wykonawc\u00f3w: cz\u0119\u015bciowo od 1 stycznia 2026, w pe\u0142ni od 12 lipca 2026,\r<br>\u2022 mo\u017cliwo\u015b\u0107 zast\u0105pienia dokument\u00f3w post\u0119powania certyfikatem wykonawcy,\r<br>\u2022 wp\u0142yw na dokumentacj\u0119: mniej dokument\u00f3w w post\u0119powaniu, szybsza weryfikacja wykonawc\u00f3w.\r<br>\r<br><\/span><\/h4><\/div><\/header><header class=\"header btClear medium\" ><div class=\"btSuperTitle\">od 20:30 do 0:30<\/div><\/header><header class=\"header btClear small\" ><div class=\"dash\"><h4><span class=\"headline\">Kolacja integracyjna<\/span><\/h4><\/div><\/header><div class=\"btClear btSeparator topSemiSpaced noBorder\" ><hr><\/div><\/div><\/div><\/div><\/div><div class=\"boldRow \" ><div class=\"boldRowInner\"><div class=\"rowItem col-md-12 col-ms-12  btTextLeft\"  data-width=\"12\"><div class=\"rowItemContent\" ><div class=\"btClear btSeparator topSpaced noBorder\" ><hr><\/div><\/div><\/div><\/div><\/div><div class=\"boldRow \" ><div class=\"boldRowInner\"><div class=\"rowItem col-md-12 col-ms-12  btTextLeft animate animate-fadein animate-moveup btHighlight inherit btDoublePadding\"  data-width=\"12\"><div class=\"rowItemContent\" ><div class=\"btClear btSeparator topSemiSpaced noBorder\" ><hr><\/div><header class=\"header btClear medium btDash bottomDash\" ><div class=\"btSuperTitle\">11 czerwca CZWARTEK<\/div><div class=\"dash\"><h3><span class=\"headline\">Dzie\u0144 drugi<\/span><\/h3><\/div><\/header><header class=\"header btClear medium\" ><div class=\"btSuperTitle\">7:00-10:00<\/div><\/header><header class=\"header btClear small\" ><div class=\"dash\"><h4><span class=\"headline\">\u015aniadanie<\/span><\/h4><\/div><\/header><header class=\"header btClear small\" ><div class=\"dash\"><h4><span class=\"headline\">Dla ch\u0119tnych &#8211; o poranku zwiedzanie Ustki z przewodnikiem.<\/span><\/h4><\/div><\/header><header class=\"header btClear medium\" ><div class=\"btSuperTitle\">10:00-12:00<\/div><\/header><header class=\"header btClear small\" ><div class=\"dash\"><h4><span class=\"headline\">BLOK II \u2013 ZAGADNIENIA PROBLEMOWE MAJ\u0104CE KLUCZOWE ZNACZENIE DLA PROWADZONEJ PROCEDURY PONI\u017bEJ I POWY\u017bEJ PROG\u00d3W UNIJNYCH W PRAKTYCZNYM, \u0106WICZENIOWYM UJ\u0118CIU:\r<br>1. Opis przedmiotu zam\u00f3wienia i szacowanie jego warto\u015bci: zasady dokonywania opisu w zale\u017cno\u015bci od przedmiotu zam\u00f3wienia \u2013 zawi\u0142o\u015bci i b\u0142\u0119dy skutkuj\u0105ce problemami na dalszych etapach procedury.\r<br>2. Opis przedmiotu zam\u00f3wienia a prawa autorskie. Najcz\u0119stsze b\u0142\u0119dy Zamawiaj\u0105cych.\r<br>3. Szacowanie warto\u015bci zam\u00f3wienia \u2013 warto\u015b\u0107 zam\u00f3wienia jako skutek w\u0142a\u015bciwego OPZ:\r<br>\u2022 Klucze do prawid\u0142owego oszacowania warto\u015bci.\r<br>\u2022 Ustalanie warto\u015bci zam\u00f3wienia na roboty budowlane tego samego rodzaju na r\u00f3\u017cnych obiektach.\r<br>\u2022 Procedury przy udzielaniu zam\u00f3wie\u0144 nieplanowanych oraz aktualne opinie i interpretacje.\r<br>4. Projekty wieloletnie i realizowane w partnerstwie: Szacowanie warto\u015bci w podziale na cz\u0119\u015bci.\r<br>5. Umowa ramowa \u2013 czy warto stosowa\u0107?\r<br>6. Wznowienia w praktyce.\r<br>7. Wyb\u00f3r trybu udzielenia zam\u00f3wienia.\r<br>8. Dob\u00f3r i weryfikacja podmiotowych i przedmiotowych \u015brodk\u00f3w dowodowych.\r<br>9. Zapisy SWZ:\r<br>\u2022 Dob\u00f3r kryteri\u00f3w oceny ofert i ich wp\u0142yw na rzetelno\u015b\u0107 wydatkowania \u015brodk\u00f3w publicznych.\r<br>\u2022 Warunki udzia\u0142u w post\u0119powaniu:\r<br>\u2022 Poleganie na zasobach innych podmiot\u00f3w.\r<br>\u2022 Wadia \u2013 kiedy warto rezygnowa\u0107 z \u017c\u0105dania wadium.\r<br>\u2022 Zam\u00f3wienia uzupe\u0142niaj\u0105ce.\r<br>\u2022 Prawo opcji.\r<br>10. Korespondencja na linii Zamawiaj\u0105cy \u2013 Wykonawca.\r<br>11. Ocena dokument\u00f3w sk\u0142adanych przez Wykonawc\u00f3w:\r<br>\u2022 Korzystanie z zasob\u00f3w podmiotu trzeciego.\r<br>\u2022 Ocena dokument\u00f3w sk\u0142adanych przez konsorcja.\r<br>12. Badanie i oceny ofert:\r<br>\u2022 Problemy z oczywist\u0105 omy\u0142k\u0105, ra\u017c\u0105co nisk\u0105 cen\u0105, uzupe\u0142nianiem dokument\u00f3w i o\u015bwiadcze\u0144.\r<br>13. Wyb\u00f3r najkorzystniejszej oferty a oferty wariantowe i r\u00f3wnowa\u017cne.\r<br>14. Zagadnienia szczeg\u00f3lne w zam\u00f3wieniach publicznych.\r<br><\/span><\/h4><\/div><\/header><header class=\"header btClear medium\" ><div class=\"btSuperTitle\">12:00 &#8211; 14:00<\/div><\/header><header class=\"header btClear small\" ><div class=\"dash\"><h4><span class=\"headline\">Przerwa obiadowa<\/span><\/h4><\/div><\/header><header class=\"header btClear medium\" ><div class=\"btSuperTitle\">15:00 &#8211; 17:00<\/div><\/header><header class=\"header btClear small\" ><div class=\"dash\"><h4><span class=\"headline\">BLOK III \u2013 Praktyczne wskaz\u00f3wki: Zam\u00f3wienia w perspektywie finansowej UE na lata 2021-2027 oraz wydatkowanie \u015brodk\u00f3w z KPO:\r<br>\u2022 Jak przygotowa\u0107 zam\u00f3wienia, aby spe\u0142nia\u0142y kryteria finansowania z funduszy unijnych.\r<br>\u2022 Wskaz\u00f3wki dotycz\u0105ce raportowania i sprawozdawczo\u015bci zgodnie z wytycznymi UE.\r<br><\/span><\/h4><\/div><\/header><header class=\"header btClear medium\" ><div class=\"btSuperTitle\">17:00 &#8211; 18:00<\/div><\/header><header class=\"header btClear small\" ><div class=\"dash\"><h4><span class=\"headline\">BLOK IV \u2013 UMOWA O UDZIELENIE ZAM\u00d3WIENIA PUBLICZNEGO W ROKU 2026:\r<br>1. Umowa jako za\u0142\u0105cznik do SWZ \u2013 relacje stron w umowach zawieranych w wyniku udzielenia zam\u00f3wienia publicz-nego: specyficzne postanowienia wynikaj\u0105ce z kodeksu cywilnego.\r<br>2. Prawa autorskie a umowa w zam\u00f3wieniach publicznych.\r<br>3. Umowy wieloletnie:\r<br>\u2022 Praktyczne aspekty\r<br>\u2022 Zarz\u0105dzanie podwykonawstwem w umowach wieloletnich.\r<br>4. Klauzule abuzywne: Czego nie wolno wprowadza\u0107 do tre\u015bci umowy? B\u0142\u0119dy po stronie Zamawiaj\u0105cych.\r<br>5. Nakazane postanowienia um\u00f3w:\r<br>\u2022 Klauzule indeksacyjne i waloryzacyjne w umowach na us\u0142ugi i roboty budowlane.\r<br>\u2022 Zagadnienia zwi\u0105zane z inflacj\u0105.\r<br>6. Zabezpieczenie nale\u017cytego wykonania umowy: Konstrukcja prawna i praktyczne postanowienia, Kary umowne \u2013 orzecznictwo.\r<br>7. Realizacja umowy ze strony zamawiaj\u0105cego i wykonawcy:\r<br>\u2022 Modele rozwi\u0105za\u0144 organizacyjnych i nadz\u00f3r nad wykonywaniem umowy.\r<br>\u2022 Raportowanie realizacji umowy \u2013 obowi\u0105zki informacyjne i ich mo\u017cliwe naruszenia.\r<br>\u2022 Praktyczne aspekty sporz\u0105dzania og\u0142osze\u0144 o wykonaniu umowy.\r<br>8. R\u0119kojmia i gwarancja. Realizacja roszcze\u0144 z tego tytu\u0142u. Potr\u0105cenia.\r<br>9. Zmiana umowy: Przes\u0142anki, dopuszczalno\u015b\u0107, forma oraz reakcje na drastyczny wzrost koszt\u00f3w i nadzwyczajne okoliczno\u015bci.\r<br>10. Odst\u0105pienie od umowy: Ustawowe, umowne oraz rozwi\u0105zanie umowy. Roszczenia z tego tytu\u0142u.\r<br>11. Przyk\u0142ady postanowie\u0144 i klauzul umownych:\r<br>\u2022 Klauzula waloryzacyjna.\r<br>\u2022 Klauzule zmiany umowy.\r<br>\u2022 Postanowienia dotycz\u0105ce zabezpieczenia nale\u017cytego wykonania umowy.\r<br>\u2022 Klauzule dotycz\u0105ce podwykonawstwa.\r<br><\/span><\/h4><\/div><\/header><header class=\"header btClear medium\" ><div class=\"btSuperTitle\">18:00-20:00<\/div><\/header><header class=\"header btClear small\" ><div class=\"dash\"><h4><span class=\"headline\">Kolacja <\/span><\/h4><\/div><\/header><div class=\"btClear btSeparator topSemiSpaced noBorder\" ><hr><\/div><header class=\"header btClear medium\" ><div class=\"btSuperTitle\">20:30<\/div><\/header><header class=\"header btClear small\" ><div class=\"dash\"><h4><span class=\"headline\">Po kolacji zapraszamy na turniej kr\u0119gli do klubu Czarna Per\u0142a<\/span><\/h4><\/div><\/header><div class=\"btClear btSeparator topSemiSpaced noBorder\" ><hr><\/div><\/div><\/div><\/div><\/div><div class=\"boldRow \" ><div class=\"boldRowInner\"><div class=\"rowItem col-md-12 col-ms-12  btTextLeft\"  data-width=\"12\"><div class=\"rowItemContent\" ><div class=\"btClear btSeparator topSpaced noBorder\" ><hr><\/div><\/div><\/div><\/div><\/div><div class=\"boldRow \" ><div class=\"boldRowInner\"><div class=\"rowItem col-md-12 col-ms-12  btTextLeft animate animate-fadein animate-moveup btHighlight inherit btDoublePadding\"  data-width=\"12\"><div class=\"rowItemContent\" ><div class=\"btClear btSeparator topSemiSpaced noBorder\" ><hr><\/div><header class=\"header btClear medium btDash bottomDash\" ><div class=\"btSuperTitle\">12 czerwca PI\u0104TEK<\/div><div class=\"dash\"><h3><span class=\"headline\">Dzie\u0144 trzeci<\/span><\/h3><\/div><\/header><header class=\"header btClear medium\" ><div class=\"btSuperTitle\">7:00-9:00<\/div><\/header><header class=\"header btClear small\" ><div class=\"dash\"><h4><span class=\"headline\">\u015aniadanie<\/span><\/h4><\/div><\/header><header class=\"header btClear medium\" ><div class=\"btSuperTitle\">9:00-10:30<\/div><\/header><header class=\"header btClear small\" ><div class=\"dash\"><h4><span class=\"headline\">BLOK V &#8211; KONTROLA ZAM\u00d3WIE\u0143 PUBLICZNYCH:\r<br>1. Wszystko, co trzeba wiedzie\u0107 o kontroli przed jej rozpocz\u0119ciem.\r<br>2. Specyfika kontroli w przypadku zam\u00f3wie\u0144 wsp\u00f3\u0142finansowanych ze \u015brodk\u00f3w UE.\r<br>3. Kierunki kontroli w przypadku wydatkowania \u015brodk\u00f3w z KPO.\r<br>4. Uchybienia stwierdzane w trakcie kontroli a prawne sposoby minimalizacji sankcji \u2013 strategie post\u0119powania.\r<br>5. Naruszenie dyscypliny finans\u00f3w publicznych: specyfika post\u0119powania o naruszenie dyscypliny finans\u00f3w pu-blicznych.\r<br>6. Analiza wniosk\u00f3w pokontrolnych.\r<br>7. Studium przypadk\u00f3w i analiza wniosk\u00f3w organ\u00f3w kontroli.\r<br>8. Przegl\u0105d orzecznictwa w sprawach o naruszenie dyscypliny finans\u00f3w publicznych.\r<br><\/span><\/h4><\/div><\/header><header class=\"header btClear medium\" ><div class=\"btSuperTitle\">10:30 &#8211; 11:00<\/div><\/header><header class=\"header btClear small\" ><div class=\"dash\"><h4><span class=\"headline\">BLOK VI \u2013 DYSKUSJA, PODSUMOWANIE SZKOLENIA.<\/span><\/h4><\/div><\/header><div class=\"btClear btSeparator topSemiSpaced noBorder\" ><hr><\/div><\/div><\/div><\/div><\/div><div class=\"boldRow \" ><div class=\"boldRowInner\"><div class=\"rowItem col-md-12 col-ms-12  btTextLeft\"  data-width=\"12\"><div class=\"rowItemContent\" ><div class=\"btClear btSeparator topSemiSpaced noBorder\" ><hr><\/div><a href=\"https:\/\/noweprzetargi.pl\/warsztaty\/wp-content\/uploads\/2026\/04\/Zaproszenie_JJ_10-12-06-2026_USTKA.docx\" class=\"btBtn btBtn btnOutlineStyle btnAccentColor btnBig btnFullWidth btnInlinePosition btnNoIcon\" ><span class=\"btnInnerText\">Pobierz zakres szkolenia i kart\u0119 zg\u0142oszenia<\/span><\/a><\/div><\/div><\/div><\/div><\/div><\/div><\/div><\/section><section id=\"prowadzacy\"  class=\"boldSection topSpaced bottomSpaced gutter inherit\" style=\"background-color:#f1f1f1;\"><div class=\"port\"><div class=\"boldCell\"><div class=\"boldCellInner\"><div class=\"boldRow \" ><div class=\"boldRowInner\"><div class=\"rowItem col-md-6 col-sm-12 btTextLeft animate animate-fadein inherit\"  data-width=\"6\"><div class=\"rowItemContent\" ><header class=\"header btClear large btDash bottomDash\" ><div class=\"btSuperTitle\">Poznaj osobi\u015bcie&#8230;<\/div><div class=\"dash\"><h2><span class=\"headline\">Prowadz\u0105cy Warsztaty<\/span><\/h2><\/div><div class=\"btSubTitle\">W ocenie uczestnik\u00f3w naszych szkole\u0144 jeden z najlepszych ekspert\u00f3w w zakresie zam\u00f3wie\u0144 publicznych w Polsce <\/div><\/header><div class=\"btClear btSeparator bottomSpaced noBorder\" ><hr><\/div><header class=\"header btClear small btDash bottomDash\" ><div class=\"dash\"><h4><span class=\"headline\">\u015arednia ocen ze szkole\u0144 Jacka Jerki z roku poprzedniego<\/span><\/h4><\/div><div class=\"btSubTitle\">Na podstawie ankiet poszkoleniowych &#8211; szkolenia stacjonarne<\/div><\/header><div class=\"btText\" ><p><img loading=\"lazy\" decoding=\"async\" class=\"alignnone size-full wp-image-329 alignleft\" src=\"https:\/\/noweprzetargi.pl\/warsztaty\/wp-content\/uploads\/2022\/12\/5-stars_1.png\" alt=\"\" width=\"300\" height=\"100\" \/><\/p>\n<\/div><\/div><\/div><div class=\"rowItem col-md-6 col-sm-12 btTextLeft animate animate-fadein animate-moveup btTextIndent inherit\"  data-width=\"6\"><div class=\"rowItemContent\" background-color: rgba(255, 255, 255, 1); ><div class=\"btText\" ><p><img loading=\"lazy\" decoding=\"async\" class=\"alignnone wp-image-202 size-medium\" src=\"https:\/\/noweprzetargi.pl\/warsztaty\/wp-content\/uploads\/2022\/12\/Jerka_5-320x256.jpg\" alt=\"\" width=\"320\" height=\"256\" srcset=\"https:\/\/noweprzetargi.pl\/warsztaty\/wp-content\/uploads\/2022\/12\/Jerka_5-320x256.jpg 320w, https:\/\/noweprzetargi.pl\/warsztaty\/wp-content\/uploads\/2022\/12\/Jerka_5.jpg 533w\" sizes=\"auto, (max-width: 320px) 100vw, 320px\" \/><\/p>\n<\/div><div class=\"btClear btSeparator topSmallSpaced noBorder\" ><hr><\/div><header class=\"header btClear large btDash bottomDash\" ><div class=\"dash\"><h2><span class=\"headline\">Jacek Jerka<\/span><\/h2><\/div><div class=\"btSubTitle\">Jacek Jerka \u2013 prawnik, by\u0142y cz\u0142onek Rady Zam\u00f3wie\u0144 Publicznych przy Prezesie UZP. W poprzednich kadencjach cz\u0142onek Zarz\u0105du Og\u00f3lnopolskiego Stowarzyszenia Konsultant\u00f3w Zam\u00f3wie\u0144 Publicznych a wcze\u015bniej tak\u017ce jego Prezes. W ubieg\u0142ych latach pracownik Departamentu Prawnego Urz\u0119du Zam\u00f3wie\u0144 Publicznych oraz Ministerstwa Finans\u00f3w. Od lat bierze udzia\u0142 w procesie legislacyjnym zwi\u0105zanym ze zmianami w systemie zam\u00f3wie\u0144 publicznych i systemie finans\u00f3w publicznych. Przez sze\u015b\u0107 lat by\u0142 rzecznikiem dyscypliny finans\u00f3w publicznych. Przez sze\u015b\u0107 lat by\u0142 cz\u0142onkiem MKO w sprawach o naruszenie dyscypliny finans\u00f3w publicznych. Posiada szerok\u0105 praktyczn\u0105 wiedz\u0119 z zakresu zam\u00f3wie\u0144 publicznych oraz tematyki zwi\u0105zanej z finansami publicznymi. Znany i ceniony trener, do\u015bwiadczony konsultant, ceniony za konkretny przekaz wiedzy i pewnie udzielane odpowiedzi na pytania.<\/div><\/header><\/div><\/div><\/div><\/div><div class=\"boldRow \" ><div class=\"boldRowInner\"><div class=\"rowItem col-md-12 col-ms-12  btTextLeft inherit\"  data-width=\"12\"><div class=\"rowItemContent\" ><div class=\"btClear btSeparator topSemiSpaced noBorder\" ><hr><\/div><\/div><\/div><\/div><\/div><\/div><\/div><\/div><\/section><section id=\"hotel\"  class=\"boldSection topSemiSpaced bottomSpaced gutter inherit\" ><div class=\"port\"><div class=\"boldCell\"><div class=\"boldCellInner\"><div class=\"boldRow \" ><div class=\"boldRowInner\"><div class=\"rowItem col-md-6 col-sm-12 btTextLeft animate animate-fadein inherit\"  data-width=\"6\"><div class=\"rowItemContent\" ><header class=\"header btClear large btDash bottomDash\" ><div class=\"btSuperTitle\">Najlepsza<\/div><div class=\"dash\"><h2><span class=\"headline\">Lokalizacja<\/span><\/h2><\/div><div class=\"btSubTitle\">Grand Lubicz Uzdrowisko *****\r<br>Ustka, ul. Wczasowa 4<\/div><\/header><div class=\"btClear btSeparator topSemiSpaced noBorder\" ><hr><\/div><div class=\"tilesWall btGridGallery tiled  btGridGap-0 lightbox\" data-col=\"3\"><div class=\"gridSizer\"><\/div><div class=\"gridItem btGhostSliderThumb bt11\" data-order-num=\"0\"><div class=\"btTileBox\"><div class=\"bpgPhoto \" > \r\n\t\t\t\t\t<a href=\"https:\/\/noweprzetargi.pl\/warsztaty\/wp-content\/uploads\/2025\/09\/grand_lubicz57.jpg\" class=\"lightbox\" data-title=\"\"><\/a>\r\n\t\t\t\t\t<div class=\"boldPhotoBox\"><div class=\"bpbItem\"><div class=\"btImage\"><img decoding=\"async\" src=\"https:\/\/noweprzetargi.pl\/warsztaty\/wp-content\/uploads\/2025\/09\/grand_lubicz57-540x540.jpg\" alt=\"https:\/\/noweprzetargi.pl\/warsztaty\/wp-content\/uploads\/2025\/09\/grand_lubicz57-540x540.jpg\"><\/div><\/div><\/div>\r\n\t\t\t\t\t<div class=\"captionPane btDarkSkin\">\r\n\t\t\t\t\t\t<div class=\"captionTable\">\r\n\t\t\t\t\t\t\t<div class=\"captionCell\">\r\n\t\t\t\t\t\t\t\t<div class=\"captionTxt\"><\/div>\r\n\t\t\t\t\t\t\t<\/div>\r\n\t\t\t\t\t\t<\/div>\r\n\t\t\t\t\t<\/div><\/div><\/div><\/div><div class=\"gridItem btGhostSliderThumb bt11\" data-order-num=\"1\"><div class=\"btTileBox\"><div class=\"bpgPhoto \" > \r\n\t\t\t\t\t<a href=\"https:\/\/noweprzetargi.pl\/warsztaty\/wp-content\/uploads\/2025\/09\/grand_lubicz26.jpg\" class=\"lightbox\" data-title=\"\"><\/a>\r\n\t\t\t\t\t<div class=\"boldPhotoBox\"><div class=\"bpbItem\"><div class=\"btImage\"><img decoding=\"async\" src=\"https:\/\/noweprzetargi.pl\/warsztaty\/wp-content\/uploads\/2025\/09\/grand_lubicz26-540x540.jpg\" alt=\"https:\/\/noweprzetargi.pl\/warsztaty\/wp-content\/uploads\/2025\/09\/grand_lubicz26-540x540.jpg\"><\/div><\/div><\/div>\r\n\t\t\t\t\t<div class=\"captionPane btDarkSkin\">\r\n\t\t\t\t\t\t<div class=\"captionTable\">\r\n\t\t\t\t\t\t\t<div class=\"captionCell\">\r\n\t\t\t\t\t\t\t\t<div class=\"captionTxt\"><\/div>\r\n\t\t\t\t\t\t\t<\/div>\r\n\t\t\t\t\t\t<\/div>\r\n\t\t\t\t\t<\/div><\/div><\/div><\/div><div class=\"gridItem btGhostSliderThumb bt11\" data-order-num=\"2\"><div class=\"btTileBox\"><div class=\"bpgPhoto \" > \r\n\t\t\t\t\t<a href=\"https:\/\/noweprzetargi.pl\/warsztaty\/wp-content\/uploads\/2025\/09\/grand_lubicz19.jpg\" class=\"lightbox\" data-title=\"\"><\/a>\r\n\t\t\t\t\t<div class=\"boldPhotoBox\"><div class=\"bpbItem\"><div class=\"btImage\"><img decoding=\"async\" src=\"https:\/\/noweprzetargi.pl\/warsztaty\/wp-content\/uploads\/2025\/09\/grand_lubicz19-497x540.jpg\" alt=\"https:\/\/noweprzetargi.pl\/warsztaty\/wp-content\/uploads\/2025\/09\/grand_lubicz19-497x540.jpg\"><\/div><\/div><\/div>\r\n\t\t\t\t\t<div class=\"captionPane btDarkSkin\">\r\n\t\t\t\t\t\t<div class=\"captionTable\">\r\n\t\t\t\t\t\t\t<div class=\"captionCell\">\r\n\t\t\t\t\t\t\t\t<div class=\"captionTxt\"><\/div>\r\n\t\t\t\t\t\t\t<\/div>\r\n\t\t\t\t\t\t<\/div>\r\n\t\t\t\t\t<\/div><\/div><\/div><\/div><div class=\"gridItem btGhostSliderThumb bt11\" data-order-num=\"3\"><div class=\"btTileBox\"><div class=\"bpgPhoto \" > \r\n\t\t\t\t\t<a href=\"https:\/\/noweprzetargi.pl\/warsztaty\/wp-content\/uploads\/2025\/09\/grand_lubicz18.jpg\" class=\"lightbox\" data-title=\"\"><\/a>\r\n\t\t\t\t\t<div class=\"boldPhotoBox\"><div class=\"bpbItem\"><div class=\"btImage\"><img decoding=\"async\" src=\"https:\/\/noweprzetargi.pl\/warsztaty\/wp-content\/uploads\/2025\/09\/grand_lubicz18-540x540.jpg\" alt=\"https:\/\/noweprzetargi.pl\/warsztaty\/wp-content\/uploads\/2025\/09\/grand_lubicz18-540x540.jpg\"><\/div><\/div><\/div>\r\n\t\t\t\t\t<div class=\"captionPane btDarkSkin\">\r\n\t\t\t\t\t\t<div class=\"captionTable\">\r\n\t\t\t\t\t\t\t<div class=\"captionCell\">\r\n\t\t\t\t\t\t\t\t<div class=\"captionTxt\"><\/div>\r\n\t\t\t\t\t\t\t<\/div>\r\n\t\t\t\t\t\t<\/div>\r\n\t\t\t\t\t<\/div><\/div><\/div><\/div><div class=\"gridItem btGhostSliderThumb bt11\" data-order-num=\"4\"><div class=\"btTileBox\"><div class=\"bpgPhoto \" > \r\n\t\t\t\t\t<a href=\"https:\/\/noweprzetargi.pl\/warsztaty\/wp-content\/uploads\/2025\/09\/grand_lubicz17.jpg\" class=\"lightbox\" data-title=\"\"><\/a>\r\n\t\t\t\t\t<div class=\"boldPhotoBox\"><div class=\"bpbItem\"><div class=\"btImage\"><img decoding=\"async\" src=\"https:\/\/noweprzetargi.pl\/warsztaty\/wp-content\/uploads\/2025\/09\/grand_lubicz17-540x540.jpg\" alt=\"https:\/\/noweprzetargi.pl\/warsztaty\/wp-content\/uploads\/2025\/09\/grand_lubicz17-540x540.jpg\"><\/div><\/div><\/div>\r\n\t\t\t\t\t<div class=\"captionPane btDarkSkin\">\r\n\t\t\t\t\t\t<div class=\"captionTable\">\r\n\t\t\t\t\t\t\t<div class=\"captionCell\">\r\n\t\t\t\t\t\t\t\t<div class=\"captionTxt\"><\/div>\r\n\t\t\t\t\t\t\t<\/div>\r\n\t\t\t\t\t\t<\/div>\r\n\t\t\t\t\t<\/div><\/div><\/div><\/div><div class=\"gridItem btGhostSliderThumb bt11\" data-order-num=\"5\"><div class=\"btTileBox\"><div class=\"bpgPhoto \" > \r\n\t\t\t\t\t<a href=\"https:\/\/noweprzetargi.pl\/warsztaty\/wp-content\/uploads\/2025\/09\/grand_lubicz16.jpg\" class=\"lightbox\" data-title=\"\"><\/a>\r\n\t\t\t\t\t<div class=\"boldPhotoBox\"><div class=\"bpbItem\"><div class=\"btImage\"><img decoding=\"async\" src=\"https:\/\/noweprzetargi.pl\/warsztaty\/wp-content\/uploads\/2025\/09\/grand_lubicz16-540x540.jpg\" alt=\"https:\/\/noweprzetargi.pl\/warsztaty\/wp-content\/uploads\/2025\/09\/grand_lubicz16-540x540.jpg\"><\/div><\/div><\/div>\r\n\t\t\t\t\t<div class=\"captionPane btDarkSkin\">\r\n\t\t\t\t\t\t<div class=\"captionTable\">\r\n\t\t\t\t\t\t\t<div class=\"captionCell\">\r\n\t\t\t\t\t\t\t\t<div class=\"captionTxt\"><\/div>\r\n\t\t\t\t\t\t\t<\/div>\r\n\t\t\t\t\t\t<\/div>\r\n\t\t\t\t\t<\/div><\/div><\/div><\/div><div class=\"gridItem btGhostSliderThumb bt11\" data-order-num=\"6\"><div class=\"btTileBox\"><div class=\"bpgPhoto \" > \r\n\t\t\t\t\t<a href=\"https:\/\/noweprzetargi.pl\/warsztaty\/wp-content\/uploads\/2025\/09\/grand_lubicz13.jpg\" class=\"lightbox\" data-title=\"\"><\/a>\r\n\t\t\t\t\t<div class=\"boldPhotoBox\"><div class=\"bpbItem\"><div class=\"btImage\"><img decoding=\"async\" src=\"https:\/\/noweprzetargi.pl\/warsztaty\/wp-content\/uploads\/2025\/09\/grand_lubicz13-540x540.jpg\" alt=\"https:\/\/noweprzetargi.pl\/warsztaty\/wp-content\/uploads\/2025\/09\/grand_lubicz13-540x540.jpg\"><\/div><\/div><\/div>\r\n\t\t\t\t\t<div class=\"captionPane btDarkSkin\">\r\n\t\t\t\t\t\t<div class=\"captionTable\">\r\n\t\t\t\t\t\t\t<div class=\"captionCell\">\r\n\t\t\t\t\t\t\t\t<div class=\"captionTxt\"><\/div>\r\n\t\t\t\t\t\t\t<\/div>\r\n\t\t\t\t\t\t<\/div>\r\n\t\t\t\t\t<\/div><\/div><\/div><\/div><div class=\"gridItem btGhostSliderThumb bt11\" data-order-num=\"7\"><div class=\"btTileBox\"><div class=\"bpgPhoto \" > \r\n\t\t\t\t\t<a href=\"https:\/\/noweprzetargi.pl\/warsztaty\/wp-content\/uploads\/2025\/09\/grand_lubicz15.jpg\" class=\"lightbox\" data-title=\"\"><\/a>\r\n\t\t\t\t\t<div class=\"boldPhotoBox\"><div class=\"bpbItem\"><div class=\"btImage\"><img decoding=\"async\" src=\"https:\/\/noweprzetargi.pl\/warsztaty\/wp-content\/uploads\/2025\/09\/grand_lubicz15-540x540.jpg\" alt=\"https:\/\/noweprzetargi.pl\/warsztaty\/wp-content\/uploads\/2025\/09\/grand_lubicz15-540x540.jpg\"><\/div><\/div><\/div>\r\n\t\t\t\t\t<div class=\"captionPane btDarkSkin\">\r\n\t\t\t\t\t\t<div class=\"captionTable\">\r\n\t\t\t\t\t\t\t<div class=\"captionCell\">\r\n\t\t\t\t\t\t\t\t<div class=\"captionTxt\"><\/div>\r\n\t\t\t\t\t\t\t<\/div>\r\n\t\t\t\t\t\t<\/div>\r\n\t\t\t\t\t<\/div><\/div><\/div><\/div><div class=\"gridItem btGhostSliderThumb bt11\" data-order-num=\"8\"><div class=\"btTileBox\"><div class=\"bpgPhoto \" > \r\n\t\t\t\t\t<a href=\"https:\/\/noweprzetargi.pl\/warsztaty\/wp-content\/uploads\/2025\/09\/grand_lubicz9.jpg\" class=\"lightbox\" data-title=\"\"><\/a>\r\n\t\t\t\t\t<div class=\"boldPhotoBox\"><div class=\"bpbItem\"><div class=\"btImage\"><img decoding=\"async\" src=\"https:\/\/noweprzetargi.pl\/warsztaty\/wp-content\/uploads\/2025\/09\/grand_lubicz9-540x540.jpg\" alt=\"https:\/\/noweprzetargi.pl\/warsztaty\/wp-content\/uploads\/2025\/09\/grand_lubicz9-540x540.jpg\"><\/div><\/div><\/div>\r\n\t\t\t\t\t<div class=\"captionPane btDarkSkin\">\r\n\t\t\t\t\t\t<div class=\"captionTable\">\r\n\t\t\t\t\t\t\t<div class=\"captionCell\">\r\n\t\t\t\t\t\t\t\t<div class=\"captionTxt\"><\/div>\r\n\t\t\t\t\t\t\t<\/div>\r\n\t\t\t\t\t\t<\/div>\r\n\t\t\t\t\t<\/div><\/div><\/div><\/div><div class=\"gridItem btGhostSliderThumb bt11\" data-order-num=\"9\"><div class=\"btTileBox\"><div class=\"bpgPhoto \" > \r\n\t\t\t\t\t<a href=\"https:\/\/noweprzetargi.pl\/warsztaty\/wp-content\/uploads\/2025\/09\/grand_lubicz8.jpg\" class=\"lightbox\" data-title=\"\"><\/a>\r\n\t\t\t\t\t<div class=\"boldPhotoBox\"><div class=\"bpbItem\"><div class=\"btImage\"><img decoding=\"async\" src=\"https:\/\/noweprzetargi.pl\/warsztaty\/wp-content\/uploads\/2025\/09\/grand_lubicz8-540x512.jpg\" alt=\"https:\/\/noweprzetargi.pl\/warsztaty\/wp-content\/uploads\/2025\/09\/grand_lubicz8-540x512.jpg\"><\/div><\/div><\/div>\r\n\t\t\t\t\t<div class=\"captionPane btDarkSkin\">\r\n\t\t\t\t\t\t<div class=\"captionTable\">\r\n\t\t\t\t\t\t\t<div class=\"captionCell\">\r\n\t\t\t\t\t\t\t\t<div class=\"captionTxt\"><\/div>\r\n\t\t\t\t\t\t\t<\/div>\r\n\t\t\t\t\t\t<\/div>\r\n\t\t\t\t\t<\/div><\/div><\/div><\/div><div class=\"gridItem btGhostSliderThumb bt11\" data-order-num=\"10\"><div class=\"btTileBox\"><div class=\"bpgPhoto \" > \r\n\t\t\t\t\t<a href=\"https:\/\/noweprzetargi.pl\/warsztaty\/wp-content\/uploads\/2025\/09\/grand_lubicz7.jpg\" class=\"lightbox\" data-title=\"\"><\/a>\r\n\t\t\t\t\t<div class=\"boldPhotoBox\"><div class=\"bpbItem\"><div class=\"btImage\"><img decoding=\"async\" src=\"https:\/\/noweprzetargi.pl\/warsztaty\/wp-content\/uploads\/2025\/09\/grand_lubicz7-540x512.jpg\" alt=\"https:\/\/noweprzetargi.pl\/warsztaty\/wp-content\/uploads\/2025\/09\/grand_lubicz7-540x512.jpg\"><\/div><\/div><\/div>\r\n\t\t\t\t\t<div class=\"captionPane btDarkSkin\">\r\n\t\t\t\t\t\t<div class=\"captionTable\">\r\n\t\t\t\t\t\t\t<div class=\"captionCell\">\r\n\t\t\t\t\t\t\t\t<div class=\"captionTxt\"><\/div>\r\n\t\t\t\t\t\t\t<\/div>\r\n\t\t\t\t\t\t<\/div>\r\n\t\t\t\t\t<\/div><\/div><\/div><\/div><div class=\"gridItem btGhostSliderThumb bt11\" data-order-num=\"11\"><div class=\"btTileBox\"><div class=\"bpgPhoto \" > \r\n\t\t\t\t\t<a href=\"https:\/\/noweprzetargi.pl\/warsztaty\/wp-content\/uploads\/2025\/09\/grand_lubicz6.jpg\" class=\"lightbox\" data-title=\"\"><\/a>\r\n\t\t\t\t\t<div class=\"boldPhotoBox\"><div class=\"bpbItem\"><div class=\"btImage\"><img decoding=\"async\" src=\"https:\/\/noweprzetargi.pl\/warsztaty\/wp-content\/uploads\/2025\/09\/grand_lubicz6-540x512.jpg\" alt=\"https:\/\/noweprzetargi.pl\/warsztaty\/wp-content\/uploads\/2025\/09\/grand_lubicz6-540x512.jpg\"><\/div><\/div><\/div>\r\n\t\t\t\t\t<div class=\"captionPane btDarkSkin\">\r\n\t\t\t\t\t\t<div class=\"captionTable\">\r\n\t\t\t\t\t\t\t<div class=\"captionCell\">\r\n\t\t\t\t\t\t\t\t<div class=\"captionTxt\"><\/div>\r\n\t\t\t\t\t\t\t<\/div>\r\n\t\t\t\t\t\t<\/div>\r\n\t\t\t\t\t<\/div><\/div><\/div><\/div><div class=\"gridItem btGhostSliderThumb bt11\" data-order-num=\"12\"><div class=\"btTileBox\"><div class=\"bpgPhoto \" > \r\n\t\t\t\t\t<a href=\"https:\/\/noweprzetargi.pl\/warsztaty\/wp-content\/uploads\/2025\/09\/grand_lubicz4.jpg\" class=\"lightbox\" data-title=\"\"><\/a>\r\n\t\t\t\t\t<div class=\"boldPhotoBox\"><div class=\"bpbItem\"><div class=\"btImage\"><img decoding=\"async\" src=\"https:\/\/noweprzetargi.pl\/warsztaty\/wp-content\/uploads\/2025\/09\/grand_lubicz4-540x540.jpg\" alt=\"https:\/\/noweprzetargi.pl\/warsztaty\/wp-content\/uploads\/2025\/09\/grand_lubicz4-540x540.jpg\"><\/div><\/div><\/div>\r\n\t\t\t\t\t<div class=\"captionPane btDarkSkin\">\r\n\t\t\t\t\t\t<div class=\"captionTable\">\r\n\t\t\t\t\t\t\t<div class=\"captionCell\">\r\n\t\t\t\t\t\t\t\t<div class=\"captionTxt\"><\/div>\r\n\t\t\t\t\t\t\t<\/div>\r\n\t\t\t\t\t\t<\/div>\r\n\t\t\t\t\t<\/div><\/div><\/div><\/div><div class=\"gridItem btGhostSliderThumb bt11\" data-order-num=\"13\"><div class=\"btTileBox\"><div class=\"bpgPhoto \" > \r\n\t\t\t\t\t<a href=\"https:\/\/noweprzetargi.pl\/warsztaty\/wp-content\/uploads\/2025\/09\/grand_lubicz1.jpg\" class=\"lightbox\" data-title=\"\"><\/a>\r\n\t\t\t\t\t<div class=\"boldPhotoBox\"><div class=\"bpbItem\"><div class=\"btImage\"><img decoding=\"async\" src=\"https:\/\/noweprzetargi.pl\/warsztaty\/wp-content\/uploads\/2025\/09\/grand_lubicz1-540x533.jpg\" alt=\"https:\/\/noweprzetargi.pl\/warsztaty\/wp-content\/uploads\/2025\/09\/grand_lubicz1-540x533.jpg\"><\/div><\/div><\/div>\r\n\t\t\t\t\t<div class=\"captionPane btDarkSkin\">\r\n\t\t\t\t\t\t<div class=\"captionTable\">\r\n\t\t\t\t\t\t\t<div class=\"captionCell\">\r\n\t\t\t\t\t\t\t\t<div class=\"captionTxt\"><\/div>\r\n\t\t\t\t\t\t\t<\/div>\r\n\t\t\t\t\t\t<\/div>\r\n\t\t\t\t\t<\/div><\/div><\/div><\/div><div class=\"gridItem btGhostSliderThumb bt11\" data-order-num=\"14\"><div class=\"btTileBox\"><div class=\"bpgPhoto \" > \r\n\t\t\t\t\t<a href=\"https:\/\/noweprzetargi.pl\/warsztaty\/wp-content\/uploads\/2025\/09\/IMG_20220426_152300-scaled.jpg\" class=\"lightbox\" data-title=\"\"><\/a>\r\n\t\t\t\t\t<div class=\"boldPhotoBox\"><div class=\"bpbItem\"><div class=\"btImage\"><img decoding=\"async\" src=\"https:\/\/noweprzetargi.pl\/warsztaty\/wp-content\/uploads\/2025\/09\/IMG_20220426_152300-540x540.jpg\" alt=\"https:\/\/noweprzetargi.pl\/warsztaty\/wp-content\/uploads\/2025\/09\/IMG_20220426_152300-540x540.jpg\"><\/div><\/div><\/div>\r\n\t\t\t\t\t<div class=\"captionPane btDarkSkin\">\r\n\t\t\t\t\t\t<div class=\"captionTable\">\r\n\t\t\t\t\t\t\t<div class=\"captionCell\">\r\n\t\t\t\t\t\t\t\t<div class=\"captionTxt\"><\/div>\r\n\t\t\t\t\t\t\t<\/div>\r\n\t\t\t\t\t\t<\/div>\r\n\t\t\t\t\t<\/div><\/div><\/div><\/div><div class=\"gridItem btGhostSliderThumb bt11\" data-order-num=\"15\"><div class=\"btTileBox\"><div class=\"bpgPhoto \" > \r\n\t\t\t\t\t<a href=\"https:\/\/noweprzetargi.pl\/warsztaty\/wp-content\/uploads\/2025\/09\/IMG_20210913_145843-\u2014-kopia.jpg\" class=\"lightbox\" data-title=\"dav\"><\/a>\r\n\t\t\t\t\t<div class=\"boldPhotoBox\"><div class=\"bpbItem\"><div class=\"btImage\"><img decoding=\"async\" src=\"https:\/\/noweprzetargi.pl\/warsztaty\/wp-content\/uploads\/2025\/09\/IMG_20210913_145843-\u2014-kopia-540x540.jpg\" alt=\"https:\/\/noweprzetargi.pl\/warsztaty\/wp-content\/uploads\/2025\/09\/IMG_20210913_145843-\u2014-kopia-540x540.jpg\"><\/div><\/div><\/div>\r\n\t\t\t\t\t<div class=\"captionPane btDarkSkin\">\r\n\t\t\t\t\t\t<div class=\"captionTable\">\r\n\t\t\t\t\t\t\t<div class=\"captionCell\">\r\n\t\t\t\t\t\t\t\t<div class=\"captionTxt\"><header class=\"header btClear  btDash smallDash top\" ><div class=\"dash\"><h4><span class=\"headline\">dav<\/span><\/h4><\/div><\/header><\/div>\r\n\t\t\t\t\t\t\t<\/div>\r\n\t\t\t\t\t\t<\/div>\r\n\t\t\t\t\t<\/div><\/div><\/div><\/div><div class=\"gridItem btGhostSliderThumb bt11\" data-order-num=\"16\"><div class=\"btTileBox\"><div class=\"bpgPhoto \" > \r\n\t\t\t\t\t<a href=\"https:\/\/noweprzetargi.pl\/warsztaty\/wp-content\/uploads\/2025\/09\/grand_lubicz68.jpg\" class=\"lightbox\" data-title=\"\"><\/a>\r\n\t\t\t\t\t<div class=\"boldPhotoBox\"><div class=\"bpbItem\"><div class=\"btImage\"><img decoding=\"async\" src=\"https:\/\/noweprzetargi.pl\/warsztaty\/wp-content\/uploads\/2025\/09\/grand_lubicz68-540x540.jpg\" alt=\"https:\/\/noweprzetargi.pl\/warsztaty\/wp-content\/uploads\/2025\/09\/grand_lubicz68-540x540.jpg\"><\/div><\/div><\/div>\r\n\t\t\t\t\t<div class=\"captionPane btDarkSkin\">\r\n\t\t\t\t\t\t<div class=\"captionTable\">\r\n\t\t\t\t\t\t\t<div class=\"captionCell\">\r\n\t\t\t\t\t\t\t\t<div class=\"captionTxt\"><\/div>\r\n\t\t\t\t\t\t\t<\/div>\r\n\t\t\t\t\t\t<\/div>\r\n\t\t\t\t\t<\/div><\/div><\/div><\/div><div class=\"gridItem btGhostSliderThumb bt11\" data-order-num=\"17\"><div class=\"btTileBox\"><div class=\"bpgPhoto \" > \r\n\t\t\t\t\t<a href=\"https:\/\/noweprzetargi.pl\/warsztaty\/wp-content\/uploads\/2025\/09\/grand_lubicz66.jpg\" class=\"lightbox\" data-title=\"\"><\/a>\r\n\t\t\t\t\t<div class=\"boldPhotoBox\"><div class=\"bpbItem\"><div class=\"btImage\"><img decoding=\"async\" src=\"https:\/\/noweprzetargi.pl\/warsztaty\/wp-content\/uploads\/2025\/09\/grand_lubicz66-540x540.jpg\" alt=\"https:\/\/noweprzetargi.pl\/warsztaty\/wp-content\/uploads\/2025\/09\/grand_lubicz66-540x540.jpg\"><\/div><\/div><\/div>\r\n\t\t\t\t\t<div class=\"captionPane btDarkSkin\">\r\n\t\t\t\t\t\t<div class=\"captionTable\">\r\n\t\t\t\t\t\t\t<div class=\"captionCell\">\r\n\t\t\t\t\t\t\t\t<div class=\"captionTxt\"><\/div>\r\n\t\t\t\t\t\t\t<\/div>\r\n\t\t\t\t\t\t<\/div>\r\n\t\t\t\t\t<\/div><\/div><\/div><\/div><div class=\"gridItem btGhostSliderThumb bt11\" data-order-num=\"18\"><div class=\"btTileBox\"><div class=\"bpgPhoto \" > \r\n\t\t\t\t\t<a href=\"https:\/\/noweprzetargi.pl\/warsztaty\/wp-content\/uploads\/2025\/09\/grand_lubicz62.jpg\" class=\"lightbox\" data-title=\"\"><\/a>\r\n\t\t\t\t\t<div class=\"boldPhotoBox\"><div class=\"bpbItem\"><div class=\"btImage\"><img decoding=\"async\" src=\"https:\/\/noweprzetargi.pl\/warsztaty\/wp-content\/uploads\/2025\/09\/grand_lubicz62-540x540.jpg\" alt=\"https:\/\/noweprzetargi.pl\/warsztaty\/wp-content\/uploads\/2025\/09\/grand_lubicz62-540x540.jpg\"><\/div><\/div><\/div>\r\n\t\t\t\t\t<div class=\"captionPane btDarkSkin\">\r\n\t\t\t\t\t\t<div class=\"captionTable\">\r\n\t\t\t\t\t\t\t<div class=\"captionCell\">\r\n\t\t\t\t\t\t\t\t<div class=\"captionTxt\"><\/div>\r\n\t\t\t\t\t\t\t<\/div>\r\n\t\t\t\t\t\t<\/div>\r\n\t\t\t\t\t<\/div><\/div><\/div><\/div><div class=\"gridItem btGhostSliderThumb bt11\" data-order-num=\"19\"><div class=\"btTileBox\"><div class=\"bpgPhoto \" > \r\n\t\t\t\t\t<a href=\"https:\/\/noweprzetargi.pl\/warsztaty\/wp-content\/uploads\/2025\/09\/grand_lubicz61.jpg\" class=\"lightbox\" data-title=\"\"><\/a>\r\n\t\t\t\t\t<div class=\"boldPhotoBox\"><div class=\"bpbItem\"><div class=\"btImage\"><img decoding=\"async\" src=\"https:\/\/noweprzetargi.pl\/warsztaty\/wp-content\/uploads\/2025\/09\/grand_lubicz61-540x540.jpg\" alt=\"https:\/\/noweprzetargi.pl\/warsztaty\/wp-content\/uploads\/2025\/09\/grand_lubicz61-540x540.jpg\"><\/div><\/div><\/div>\r\n\t\t\t\t\t<div class=\"captionPane btDarkSkin\">\r\n\t\t\t\t\t\t<div class=\"captionTable\">\r\n\t\t\t\t\t\t\t<div class=\"captionCell\">\r\n\t\t\t\t\t\t\t\t<div class=\"captionTxt\"><\/div>\r\n\t\t\t\t\t\t\t<\/div>\r\n\t\t\t\t\t\t<\/div>\r\n\t\t\t\t\t<\/div><\/div><\/div><\/div><div class=\"gridItem btGhostSliderThumb bt11\" data-order-num=\"20\"><div class=\"btTileBox\"><div class=\"bpgPhoto \" > \r\n\t\t\t\t\t<a href=\"https:\/\/noweprzetargi.pl\/warsztaty\/wp-content\/uploads\/2025\/09\/grand_lubicz60.jpg\" class=\"lightbox\" data-title=\"\"><\/a>\r\n\t\t\t\t\t<div class=\"boldPhotoBox\"><div class=\"bpbItem\"><div class=\"btImage\"><img decoding=\"async\" src=\"https:\/\/noweprzetargi.pl\/warsztaty\/wp-content\/uploads\/2025\/09\/grand_lubicz60-540x540.jpg\" alt=\"https:\/\/noweprzetargi.pl\/warsztaty\/wp-content\/uploads\/2025\/09\/grand_lubicz60-540x540.jpg\"><\/div><\/div><\/div>\r\n\t\t\t\t\t<div class=\"captionPane btDarkSkin\">\r\n\t\t\t\t\t\t<div class=\"captionTable\">\r\n\t\t\t\t\t\t\t<div class=\"captionCell\">\r\n\t\t\t\t\t\t\t\t<div class=\"captionTxt\"><\/div>\r\n\t\t\t\t\t\t\t<\/div>\r\n\t\t\t\t\t\t<\/div>\r\n\t\t\t\t\t<\/div><\/div><\/div><\/div><div class=\"gridItem btGhostSliderThumb bt11\" data-order-num=\"21\"><div class=\"btTileBox\"><div class=\"bpgPhoto \" > \r\n\t\t\t\t\t<a href=\"https:\/\/noweprzetargi.pl\/warsztaty\/wp-content\/uploads\/2025\/09\/grand_lubicz59.jpg\" class=\"lightbox\" data-title=\"\"><\/a>\r\n\t\t\t\t\t<div class=\"boldPhotoBox\"><div class=\"bpbItem\"><div class=\"btImage\"><img decoding=\"async\" src=\"https:\/\/noweprzetargi.pl\/warsztaty\/wp-content\/uploads\/2025\/09\/grand_lubicz59-540x540.jpg\" alt=\"https:\/\/noweprzetargi.pl\/warsztaty\/wp-content\/uploads\/2025\/09\/grand_lubicz59-540x540.jpg\"><\/div><\/div><\/div>\r\n\t\t\t\t\t<div class=\"captionPane btDarkSkin\">\r\n\t\t\t\t\t\t<div class=\"captionTable\">\r\n\t\t\t\t\t\t\t<div class=\"captionCell\">\r\n\t\t\t\t\t\t\t\t<div class=\"captionTxt\"><\/div>\r\n\t\t\t\t\t\t\t<\/div>\r\n\t\t\t\t\t\t<\/div>\r\n\t\t\t\t\t<\/div><\/div><\/div><\/div><div class=\"gridItem btGhostSliderThumb bt11\" data-order-num=\"22\"><div class=\"btTileBox\"><div class=\"bpgPhoto \" > \r\n\t\t\t\t\t<a href=\"https:\/\/noweprzetargi.pl\/warsztaty\/wp-content\/uploads\/2025\/09\/grand_lubicz58.jpg\" class=\"lightbox\" data-title=\"\"><\/a>\r\n\t\t\t\t\t<div class=\"boldPhotoBox\"><div class=\"bpbItem\"><div class=\"btImage\"><img decoding=\"async\" src=\"https:\/\/noweprzetargi.pl\/warsztaty\/wp-content\/uploads\/2025\/09\/grand_lubicz58-540x540.jpg\" alt=\"https:\/\/noweprzetargi.pl\/warsztaty\/wp-content\/uploads\/2025\/09\/grand_lubicz58-540x540.jpg\"><\/div><\/div><\/div>\r\n\t\t\t\t\t<div class=\"captionPane btDarkSkin\">\r\n\t\t\t\t\t\t<div class=\"captionTable\">\r\n\t\t\t\t\t\t\t<div class=\"captionCell\">\r\n\t\t\t\t\t\t\t\t<div class=\"captionTxt\"><\/div>\r\n\t\t\t\t\t\t\t<\/div>\r\n\t\t\t\t\t\t<\/div>\r\n\t\t\t\t\t<\/div><\/div><\/div><\/div><\/div><div class=\"btClear btSeparator topSemiSpaced noBorder\" ><hr><\/div><\/div><\/div><div class=\"rowItem col-md-6 col-sm-12 btTextLeft animate animate-fadein animate-moveup inherit\"  data-width=\"6\"><div class=\"rowItemContent\" ><div class=\"btClear btSeparator topSemiSpaced noBorder\" ><hr><\/div><div class=\"btClear btSeparator topSmallSpaced noBorder\" ><hr><\/div><header class=\"header btClear medium btDash bottomDash\" ><div class=\"btSuperTitle\">Grand Lubicz Uzdrowisko Ustka<\/div><div class=\"dash\"><h3><span class=\"headline\">O hotelu<\/span><\/h3><\/div><div class=\"btSubTitle\">Hotel Grand Lubicz Uzdrowisko Ustka to pi\u0119ciogwiazdkowy obiekt po\u0142o\u017cony w Ustce w odleg\u0142o\u015bci zaledwie 500 m od brzegu morza, oferuje najwy\u017cszy standard wypoczynku. Hotel po\u0142o\u017cony na obszarze 2,5 ha, jest najwi\u0119kszym i najlepiej wyposa\u017conym kompleksem tego typu na Wybrze\u017cu. Niewiele miejsc w tym rejonie mo\u017ce poszczyci\u0107 si\u0119 podobnym standardem. Wszystkie pokoje zosta\u0142y urz\u0105dzone w nowoczesnej stylistyce, zaprojektowanej z my\u015bl\u0105 o zapewnieniu komfortu i dobrego samopoczucia. Design oraz wyposa\u017cenie pokoi z pewno\u015bci\u0105 sprostaj\u0105 najbardziej wymagaj\u0105cym gustom. Pobyt w Hotelu uatrakcyjni pobyt w strefie Spa &amp; Wellness lub relaks w gabinetach masa\u017cu, na basenie czy w fantastycznym dwupoziomowym hotelowym aquaparku. Kompleks wodnej rozrywki w hotelu Grand Lubicz ***** obejmuje \u2013 na parterze: basen sportowy, basen rekreacyjny o powichrzeni niemal 500 m kw. ze zje\u017cd\u017calni\u0105, sztuczn\u0105 rzek\u0105 oraz le\u017cankami wodno-powietrznymi, trzy 12-osobowe wanny z hydromasa\u017cem, brodzik, saun\u0119 fi\u0144sk\u0105, \u0142a\u017ani\u0119; na pi\u0119trze: basen rekreacyjny z basenem zewn\u0119trznym o powierzchni niemal 400 m kw. W\u015br\u00f3d go\u015bci dziel\u0105cych si\u0119 swoimi opiniami na serwisie booking.com, hotel otrzymuje bardzo wysokie noty za komfort, czysto\u015b\u0107 i najwy\u017cszy standard obs\u0142ugi.<\/div><\/header><div class=\"btClear btSeparator topSemiSpaced noBorder\" ><hr><\/div><header class=\"header btClear medium btDash bottomDash\" ><div class=\"btSuperTitle\">W dniu szkolenia<\/div><div class=\"dash\"><h3><span class=\"headline\">Zakwaterowanie<\/span><\/h3><\/div><div class=\"btSubTitle\">Kwaterowanie uczestnik\u00f3w wed\u0142ug dost\u0119pno\u015bci pokoi. Doba hotelowa rozpoczyna si\u0119 o godzinie 14.00. Zakwaterowanie w pokojach 2-osobowych, pokoje 1-osobowe dost\u0119pne za dop\u0142at\u0105. Istnieje mo\u017cliwo\u015b\u0107 zakwaterowania dzie\u0144 wcze\u015bniej (wtorek \/ \u015broda), w przypadku wyboru tej opcji dodatkowej uczestnicy maj\u0105 zapewnion\u0105 r\u00f3wnie\u017c lekk\u0105 kolacj\u0119 w dniu przyjazdu. <\/div><\/header><div class=\"btClear btSeparator topSemiSpaced noBorder\" ><hr><\/div><header class=\"header btClear medium btDash bottomDash\" ><div class=\"btSuperTitle\">Zobacz co m\u00f3wi\u0105 ludzie &#8211; serwis Booking.com<\/div><div class=\"dash\"><h3><span class=\"headline\">Opinie o Grand Lubicz Uzdrowisko Ustka<\/span><\/h3><\/div><div class=\"btSubTitle\">Wszyscy u\u015bmiechni\u0119ci super atmosfera. Bardzo dobre jedzenie. Polecam. Na pewno jeszcze tam wr\u00f3cimy.\r<br><b>Aneta<\/b>\r<br>\r<br>Hotel jak zawsze spe\u0142ni\u0142 moje oczekiwania. Na miejscu maj\u0105 wszystko co potrzeba aby porz\u0105dnie wypocz\u0105\u0107! Jedzenie jest mega dobre! Najlepsze jakie jad\u0142em w polskich hotelach 5*.\r<br><b>Micha\u0142<\/b>\r<br>\r<br>Hotel jest bardzo dobrze zlokalizowany. Mia\u0142y\u015bmy du\u017cy i przestronny pok\u00f3j, kt\u00f3ry by\u0142 codziennie super sprz\u0105tany. Po pokojach wida\u0107, ze maj\u0105 ju\u017c swoje lata. \u015aniadania super. Niesamowita r\u00f3\u017cnorodno\u015b\u0107.\r<br><b>Agata<\/b>\r<br>\r<br>Wspania\u0142y hotel! Komfortowy du\u017cy pok\u00f3j z balkonem, codziennie sprz\u0105tany. Przyjemny widok z pokoju na las. Ogromn\u0105 strefa basen\u00f3w &#8211; 3 jacuzzi, basen sportowy, rekreacyjny, dzika rzeka i wy\u0142\u0105cznie dla go\u015bci niesamowity basen solankowy \u017ce stref\u0105 ciszy i basenem na zewn\u0105trz. Wybitne i najbardziej r\u00f3\u017cnorodne \u015bniadanie hotelowe &#8211; najlepsze! Obiadokolacja wypasiona. Strefa bez dzieci w restauracji na plus. Panorama cafe z obrotow\u0105 sala i super widokiem to ogromna zaleta. Dobre koktajle. Zabiegi spa ok. Grota solna super relaks.\r<br><b>Dusiowa<\/b>\r<br>\r<br>To miejsce skrad\u0142o moje serce, wr\u00f3c\u0119 na 100 %! \u015aniadania pyszne, ob\u0142\u0119dnie obfite, nie do przejedzenia! Wyb\u00f3r potraw, przek\u0105sek nie do zliczenia! Dla ka\u017cdego co\u015b smacznego! Jestem pod ogromnym wra\u017ceniem! Obs\u0142uga Hotelu, SPA, Medical&#8230;, Restauracji bardzo mi\u0142a, profesjonalna i \u017cyczliwa! Apartament spe\u0142ni\u0142 nasze oczekiwania, bardzo czysto, wygodnie i przytulnie! Lokalizacja bardzo dobra, &quot;wsz\u0119dzie blisko&quot; a jednak przyjemnie &quot;intymnie&quot;! Polecam wszystkim, kt\u00f3rym t\u0119skno za miejscem, gdzie mo\u017cna sp\u0119dzi\u0107 czas przy muzyce klubowej, zrelaksowa\u0107 i zapomnie\u0107 cho\u0107by na chwil\u0119 o szaro\u015bci codziennych zawirowa\u0144. To w tym miejscu nawet w deszczu \u015bwieci s\u0142o\u0144ce! Pozdrawiam bardzo gor\u0105co i serdecznie DZI\u0118KUJ\u0118!\r<br><b>Aldona<\/b>\r<br>\r<br>To by\u0142 wspania\u0142y pobyt,hotel jest pi\u0119kny,czysty I zadbany. Obs\u0142uga na najwy\u017cszym poziomie. Nigdzie dot\u0105d nie widzieli\u015bmy tak u\u015bmiechni\u0119tego personelu. \u015aniadania nie do opisania-wyb\u00f3r przeogromny. Wszystko smaczne i pi\u0119knie naszykowane. Zabrak\u0142o nam czasu aby spr\u00f3bowa\u0107 ka\u017cdego dania. S\u0142odkie sto\u0142y nie do opisania.\r<br>Pokoje pi\u0119kne, \u0142\u00f3\u017cko bardzo wygodne . Strefa basenowa \u015bwietna,osobi\u015bcie uj\u0105\u0142 mnie basen solankowy ze stref\u0105 ciszy,do kt\u00f3rego na pi\u0119tro dochodzi si\u0119 przez basen g\u0142\u00f3wny. Spa wspania\u0142e. Obs\u0142uga mi\u0142a i dobrze wyszkolona.\r<br><b>Miros\u0142aw<\/b>\r<br>\r<br><\/div><\/header><div class=\"btClear btSeparator topSemiSpaced noBorder\" ><hr><\/div><\/div><\/div><\/div><\/div><\/div><\/div><\/div><\/section><section id=\"cena\"  class=\"boldSection topSpaced bottomSpaced gutter inherit\" ><div class=\"port\"><div class=\"boldCell\"><div class=\"boldCellInner\"><div class=\"boldRow \" ><div class=\"boldRowInner\"><div class=\"rowItem col-md-12 col-ms-12  btTextLeft\"  data-width=\"12\"><div class=\"rowItemContent\" ><header class=\"header btClear large\" ><div class=\"btSuperTitle\">Sprawd\u017a nasze propozycje<\/div><div class=\"dash\"><h2><span class=\"headline\">Cena szkolenia<\/span><\/h2><\/div><\/header><\/div><\/div><\/div><\/div><div class=\"boldRow \" ><div class=\"boldRowInner\"><div class=\"rowItem col-md-4 col-ms-12 btTextLeft animate animate-fadein animate-moveup btHighlight inherit btDoublePadding\"  data-width=\"4\"><div class=\"rowItemContent\" ><div class=\"btClear btSeparator topSemiSpaced noBorder\" ><hr><\/div><header class=\"header btClear medium btDash bottomDash\" ><div class=\"btSuperTitle\">Udzia\u0142 finansowany ze \u015brodk\u00f3w publicznych<\/div><div class=\"dash\"><h3><span class=\"headline\">3.280,- VAT zw<\/span><\/h3><\/div><\/header><header class=\"header btClear small\" ><div class=\"btSuperTitle\">Cena zawiera<\/div><div class=\"dash\"><h4><span class=\"headline\">Cena obejmuje udzia\u0142 w szkoleniu, materia\u0142y szkoleniowe, certyfikat uczestnictwa, pe\u0142ne wy\u017cywienie (\u015bniadanie, obiad, kolacja), zakwaterowanie w pokojach 2-osobowych, parking hotelowy, opiek\u0119 koordynatora szkolenia.<\/span><\/h4><\/div><\/header><div class=\"btClear btSeparator topSemiSpaced noBorder\" ><hr><\/div><a href=\"https:\/\/noweprzetargi.pl\/warsztaty\/wp-content\/uploads\/2026\/04\/Zaproszenie_JJ_10-12-06-2026_USTKA.docx\" class=\"btBtn btBtn btnFilledStyle btnAccentColor btnBig btnFullWidth btnInlinePosition btnNoIcon\" ><span class=\"btnInnerText\">Pobierz zg\u0142oszenie<\/span><\/a><div class=\"btClear btSeparator topSemiSpaced noBorder\" ><hr><\/div><\/div><\/div><div class=\"rowItem col-md-4 col-ms-12 btTextLeft animate animate-fadein animate-moveup btHighlight inherit btDoublePadding\"  data-width=\"4\"><div class=\"rowItemContent\" ><div class=\"btClear btSeparator topSemiSpaced noBorder\" ><hr><\/div><header class=\"header btClear medium btDash bottomDash\" ><div class=\"btSuperTitle\">Udzia\u0142 finansowany ze \u015brodk\u00f3w niepublicznych<\/div><div class=\"dash\"><h3><span class=\"headline\">3.995,- brutto<\/span><\/h3><\/div><\/header><header class=\"header btClear small\" ><div class=\"btSuperTitle\">Cena zawiera<\/div><div class=\"dash\"><h4><span class=\"headline\">Cena obejmuje udzia\u0142 w szkoleniu, materia\u0142y szkoleniowe, certyfikat uczestnictwa, pe\u0142ne wy\u017cywienie (\u015bniadanie, obiad, kolacja), zakwaterowanie w pokojach 2-osobowych, parking hotelowy, opiek\u0119 koordynatora szkolenia.<\/span><\/h4><\/div><\/header><div class=\"btClear btSeparator topSemiSpaced noBorder\" ><hr><\/div><a href=\"https:\/\/noweprzetargi.pl\/warsztaty\/wp-content\/uploads\/2026\/04\/Zaproszenie_JJ_10-12-06-2026_USTKA.docx\" class=\"btBtn btBtn btnFilledStyle btnAccentColor btnBig btnFullWidth btnInlinePosition btnNoIcon\" ><span class=\"btnInnerText\">Pobierz zg\u0142oszenie<\/span><\/a><div class=\"btClear btSeparator topSemiSpaced noBorder\" ><hr><\/div><\/div><\/div><div class=\"rowItem col-md-4 col-ms-12 btTextLeft animate animate-fadein animate-moveup btHighlight inherit btDoublePadding\"  data-width=\"4\"><div class=\"rowItemContent\" ><div class=\"btClear btSeparator topSemiSpaced noBorder\" ><hr><\/div><header class=\"header btClear medium btDash bottomDash\" ><div class=\"btSuperTitle\">Opcje dodatkowe od:<\/div><div class=\"dash\"><h3><span class=\"headline\">460,-<\/span><\/h3><\/div><\/header><header class=\"header btClear small\" ><div class=\"btSuperTitle\">Co jeszcze mo\u017cemy zaoferowa\u0107<\/div><div class=\"dash\"><h4><span class=\"headline\">Dop\u0142ata do pokoju 1-os. wynosi 650,- z\u0142 (VAT zw) lub 790,- z\u0142 (VAT 23%).\r<br>\r<br>Dop\u0142ata do noclegu z wtorku na \u015brod\u0119 (1 dzie\u0144 przed szkoleniem): 680 z\u0142 (VAT zw) lub 830,- z\u0142 (VAT 23%) \u2013 za pok. 1-os, lub 460 z\u0142 (VAT zw) lub 560,- z\u0142 (VAT 23%) \u2013 za osob\u0119 w pok. 2-os.\r<br>\r<br>OPCJA BEZ NOCLEG\u00d3W: 1.580,- z\u0142 (oraz odpowiednio 1.940,- z\u0142 w tym VAT 23%) &#8211; cena obejmuje udzia\u0142 w szkoleniu, przerwy kawowe, obiady, materia\u0142y szkoleniowe, parking. LICZBA MIEJSC OGRANICZONA.<\/span><\/h4><\/div><\/header><div class=\"btClear btSeparator topSemiSpaced noBorder\" ><hr><\/div><a href=\"https:\/\/noweprzetargi.pl\/warsztaty\/wp-content\/uploads\/2026\/04\/Zaproszenie_JJ_10-12-06-2026_USTKA.docx\" class=\"btBtn btBtn btnFilledStyle btnAccentColor btnBig btnFullWidth btnInlinePosition btnNoIcon\" ><span class=\"btnInnerText\">Pobierz zg\u0142oszenie<\/span><\/a><div class=\"btClear btSeparator topSemiSpaced noBorder\" ><hr><\/div><\/div><\/div><\/div><\/div><\/div><\/div><\/div><\/section><section id=\"lokalizacja\"  class=\"boldSection btDarkSkin inherit\" ><div class=\"port\"><div class=\"boldCell\"><div class=\"boldCellInner\"><div class=\"boldRow \" ><div class=\"boldRowInner\"><div class=\"rowItem col-md-12 col-ms-12  btTextLeft\"  data-width=\"12\"><div class=\"rowItemContent\" >\n\t\t<div class=\"btGoogleMapsWrapper\"><div id=\"map_canvas69f0a45c3b157\" style=\"height:700px;;\" class=\"btGmap\"><\/div><div class=\"btGoogleMapsContent\"><div class=\"btGoogleMapsWrap\"><div class=\"btClear btSeparator bottomSmallSpaced noBorder\" ><hr><\/div><header class=\"header btClear small btDash bottomDash\" ><div class=\"btSuperTitle\">Miejsce szkolenia<\/div><div class=\"dash\"><h4><span class=\"headline\">Grand Lubicz Uzdrowisko Ustka<\/span><\/h4><\/div><div class=\"btSubTitle\">Czekamy na Ciebie w hotelu Grand Lubicz ju\u017c 23 pa\u017adziernika 2024 roku.<\/div><\/header><div class=\"btClear btSeparator bottomSmallSpaced noBorder\" ><hr><\/div><header class=\"header btClear small btDash bottomDash\" ><div class=\"dash\"><h4><span class=\"headline\">Adres<\/span><\/h4><\/div><div class=\"btSubTitle\">Ustka, ul. Wczasowa 4<\/div><\/header><div class=\"btClear btSeparator bottomSmallSpaced noBorder\" ><hr><\/div><header class=\"header btClear small btDash bottomDash\" ><div class=\"dash\"><h4><span class=\"headline\">Masz pytania? Zadzwo\u0144<\/span><\/h4><\/div><div class=\"btSubTitle\">(22) 22 52 842\r<br>(17) 85 33 777\r<br>801 889 888<\/div><\/header><div class=\"btClear btSeparator bottomSmallSpaced noBorder\" ><hr><\/div><header class=\"header btClear small btDash bottomDash\" ><div class=\"dash\"><h4><span class=\"headline\">Email<\/span><\/h4><\/div><div class=\"btSubTitle\">szkolenia@noweprzetargi.pl<\/div><\/header><div class=\"btClear btSeparator bottomSmallSpaced noBorder\" ><hr><\/div><div class=\"btClear btSeparator bottomSmallSpaced noBorder\" ><hr><\/div><\/div><\/div><\/div>\n\t\t<script type=\"text\/javascript\">\n\t\t\tjQuery( document ).ready(function() {\n\t\t\t\tbt_gmap_init( map_canvas69f0a45c3b157, 54.58477, 16.86882, 14, \"https:\/\/noweprzetargi.pl\/warsztaty\/wp-content\/uploads\/2015\/12\/pin_red_flat.png\", \"\", \"\", \"\", \"W3siZmVhdHVyZVR5cGUiOiJhZG1pbmlzdHJhdGl2ZSIsImVsZW1lbnRUeXBlIjoibGFiZWxzIiwic3R5bGVycyI6W3sidmlzaWJpbGl0eSI6Im9uIn0seyJnYW1tYSI6IjEuODIifV19LHsiZmVhdHVyZVR5cGUiOiJhZG1pbmlzdHJhdGl2ZSIsImVsZW1lbnRUeXBlIjoibGFiZWxzLnRleHQuZmlsbCIsInN0eWxlcnMiOlt7InZpc2liaWxpdHkiOiJvbiJ9LHsiZ2FtbWEiOiIxLjk2In0seyJsaWdodG5lc3MiOiItOSJ9XX0seyJmZWF0dXJlVHlwZSI6ImFkbWluaXN0cmF0aXZlIiwiZWxlbWVudFR5cGUiOiJsYWJlbHMudGV4dC5zdHJva2UiLCJzdHlsZXJzIjpbeyJ2aXNpYmlsaXR5Ijoib2ZmIn1dfSx7ImZlYXR1cmVUeXBlIjoiYWRtaW5pc3RyYXRpdmUuY291bnRyeSIsImVsZW1lbnRUeXBlIjoiZ2VvbWV0cnkuZmlsbCIsInN0eWxlcnMiOlt7InZpc2liaWxpdHkiOiJzaW1wbGlmaWVkIn0seyJzYXR1cmF0aW9uIjoiLTMwIn0seyJsaWdodG5lc3MiOiI3MiJ9XX0seyJmZWF0dXJlVHlwZSI6ImxhbmRzY2FwZSIsImVsZW1lbnRUeXBlIjoiYWxsIiwic3R5bGVycyI6W3sidmlzaWJpbGl0eSI6Im9uIn0seyJsaWdodG5lc3MiOiIyNSJ9LHsiZ2FtbWEiOiIxLjAwIn0seyJzYXR1cmF0aW9uIjoiLTEwMCJ9XX0seyJmZWF0dXJlVHlwZSI6ImxhbmRzY2FwZSIsImVsZW1lbnRUeXBlIjoiZ2VvbWV0cnkuZmlsbCIsInN0eWxlcnMiOlt7InZpc2liaWxpdHkiOiJvbiJ9LHsiaHVlIjoiIzQ5ZmYwMCJ9XX0seyJmZWF0dXJlVHlwZSI6ImxhbmRzY2FwZSIsImVsZW1lbnRUeXBlIjoibGFiZWxzIiwic3R5bGVycyI6W3siaHVlIjoiI2ZmMDAwMCJ9XX0seyJmZWF0dXJlVHlwZSI6ImxhbmRzY2FwZSIsImVsZW1lbnRUeXBlIjoibGFiZWxzLnRleHQuZmlsbCIsInN0eWxlcnMiOlt7InZpc2liaWxpdHkiOiJvZmYifV19LHsiZmVhdHVyZVR5cGUiOiJsYW5kc2NhcGUiLCJlbGVtZW50VHlwZSI6ImxhYmVscy50ZXh0LnN0cm9rZSIsInN0eWxlcnMiOlt7InZpc2liaWxpdHkiOiJvbiJ9LHsiY29sb3IiOiIjNmMwMDAwIn0seyJ3ZWlnaHQiOiIwLjY1In1dfSx7ImZlYXR1cmVUeXBlIjoibGFuZHNjYXBlLm1hbl9tYWRlIiwiZWxlbWVudFR5cGUiOiJnZW9tZXRyeS5maWxsIiwic3R5bGVycyI6W3sidmlzaWJpbGl0eSI6Im9uIn1dfSx7ImZlYXR1cmVUeXBlIjoibGFuZHNjYXBlLm1hbl9tYWRlIiwiZWxlbWVudFR5cGUiOiJsYWJlbHMudGV4dC5maWxsIiwic3R5bGVycyI6W3siY29sb3IiOiIjOTAwOTA5In1dfSx7ImZlYXR1cmVUeXBlIjoicG9pLmJ1c2luZXNzIiwiZWxlbWVudFR5cGUiOiJhbGwiLCJzdHlsZXJzIjpbeyJ2aXNpYmlsaXR5Ijoib2ZmIn1dfSx7ImZlYXR1cmVUeXBlIjoicG9pLnBhcmsiLCJlbGVtZW50VHlwZSI6ImFsbCIsInN0eWxlcnMiOlt7InZpc2liaWxpdHkiOiJvZmYifV19LHsiZmVhdHVyZVR5cGUiOiJyb2FkIiwiZWxlbWVudFR5cGUiOiJnZW9tZXRyeS5zdHJva2UiLCJzdHlsZXJzIjpbeyJ2aXNpYmlsaXR5Ijoib2ZmIn1dfSx7ImZlYXR1cmVUeXBlIjoicm9hZCIsImVsZW1lbnRUeXBlIjoibGFiZWxzLmljb24iLCJzdHlsZXJzIjpbeyJ2aXNpYmlsaXR5Ijoib2ZmIn1dfSx7ImZlYXR1cmVUeXBlIjoicm9hZC5oaWdod2F5IiwiZWxlbWVudFR5cGUiOiJnZW9tZXRyeSIsInN0eWxlcnMiOlt7Imh1ZSI6IiNmZmFhMDAifSx7InNhdHVyYXRpb24iOiItNDMifSx7InZpc2liaWxpdHkiOiJvbiJ9XX0seyJmZWF0dXJlVHlwZSI6InJvYWQuaGlnaHdheSIsImVsZW1lbnRUeXBlIjoiZ2VvbWV0cnkuc3Ryb2tlIiwic3R5bGVycyI6W3sidmlzaWJpbGl0eSI6Im9mZiJ9XX0seyJmZWF0dXJlVHlwZSI6InJvYWQuaGlnaHdheSIsImVsZW1lbnRUeXBlIjoibGFiZWxzIiwic3R5bGVycyI6W3sidmlzaWJpbGl0eSI6InNpbXBsaWZpZWQifSx7Imh1ZSI6IiNmZmFhMDAifSx7InNhdHVyYXRpb24iOiItNzAifV19LHsiZmVhdHVyZVR5cGUiOiJyb2FkLmhpZ2h3YXkuY29udHJvbGxlZF9hY2Nlc3MiLCJlbGVtZW50VHlwZSI6ImxhYmVscyIsInN0eWxlcnMiOlt7InZpc2liaWxpdHkiOiJvbiJ9XX0seyJmZWF0dXJlVHlwZSI6InJvYWQuYXJ0ZXJpYWwiLCJlbGVtZW50VHlwZSI6ImFsbCIsInN0eWxlcnMiOlt7InZpc2liaWxpdHkiOiJvbiJ9LHsic2F0dXJhdGlvbiI6Ii0xMDAifSx7ImxpZ2h0bmVzcyI6IjMwIn1dfSx7ImZlYXR1cmVUeXBlIjoicm9hZC5sb2NhbCIsImVsZW1lbnRUeXBlIjoiYWxsIiwic3R5bGVycyI6W3sic2F0dXJhdGlvbiI6Ii0xMDAifSx7ImxpZ2h0bmVzcyI6IjQwIn0seyJ2aXNpYmlsaXR5Ijoib2ZmIn1dfSx7ImZlYXR1cmVUeXBlIjoidHJhbnNpdC5zdGF0aW9uLmFpcnBvcnQiLCJlbGVtZW50VHlwZSI6Imdlb21ldHJ5LmZpbGwiLCJzdHlsZXJzIjpbeyJ2aXNpYmlsaXR5Ijoib24ifSx7ImdhbW1hIjoiMC44MCJ9XX0seyJmZWF0dXJlVHlwZSI6IndhdGVyIiwiZWxlbWVudFR5cGUiOiJhbGwiLCJzdHlsZXJzIjpbeyJ2aXNpYmlsaXR5Ijoib2ZmIn1dfSx7ImZlYXR1cmVUeXBlIjoid2F0ZXIiLCJlbGVtZW50VHlwZSI6Imdlb21ldHJ5LmZpbGwiLCJzdHlsZXJzIjpbeyJ2aXNpYmlsaXR5Ijoib24ifSx7ImNvbG9yIjoiI2Q5ZWFmZiJ9LHsic2F0dXJhdGlvbiI6IjE5In0seyJ3ZWlnaHQiOiIwLjg0In1dfSx7ImZlYXR1cmVUeXBlIjoid2F0ZXIiLCJlbGVtZW50VHlwZSI6Imdlb21ldHJ5LnN0cm9rZSIsInN0eWxlcnMiOlt7InZpc2liaWxpdHkiOiJvZmYifV19LHsiZmVhdHVyZVR5cGUiOiJ3YXRlciIsImVsZW1lbnRUeXBlIjoibGFiZWxzLnRleHQuc3Ryb2tlIiwic3R5bGVycyI6W3siY29sb3IiOiIjZGViNDhjIn0seyJ3ZWlnaHQiOiIyLjg1In0seyJnYW1tYSI6IjIuMTMifSx7ImxpZ2h0bmVzcyI6Ii0xNiJ9XX1d\" );\n\t\t\t});\t\n\t\t<\/script>\n\t\t<\/div><\/div><\/div><\/div><\/div><\/div><\/div><\/section><section id=\"rezerwacja\"  class=\"boldSection topSpaced bottomSpaced inherit\" style=\"background-color:#ffffff;\"><div class=\"port\"><div class=\"boldCell\"><div class=\"boldCellInner\"><div class=\"boldRow \" ><div class=\"boldRowInner\"><div class=\"rowItem col-md-12 col-ms-12  btTextCenter btMiddleVertical\"  data-width=\"12\"><div class=\"rowItemContent\" ><header class=\"header btClear large btDash bottomDash\" style=\"margin-bottom: 0px;\"><div class=\"dash\"><h2><span class=\"headline\">Zarezerwuj miejsce na szkoleniu<\/span><\/h2><\/div><div class=\"btSubTitle\">Ilo\u015b\u0107 miejsc na Warsztatach jest ograniczona &#8211; nie czekaj do ostatniej chwili<\/div><\/header><div class=\"btClear btSeparator bottomSpaced noBorder\" ><hr><\/div><\/div><\/div><\/div><\/div><div class=\"boldRow \" ><div class=\"boldRowInner\"><div class=\"rowItem col-md-4 col-ms-12 btTextLeft\"  data-width=\"4\"><div class=\"rowItemContent\" ><\/div><\/div><div class=\"rowItem col-md-4 col-ms-12 btTextLeft\"  data-width=\"4\"><div class=\"rowItemContent\" ><div class=\"btText\" >\n<div class=\"wpcf7 no-js\" id=\"wpcf7-f553-o1\" lang=\"pl-PL\" dir=\"ltr\" data-wpcf7-id=\"553\">\n<div class=\"screen-reader-response\"><p role=\"status\" aria-live=\"polite\" aria-atomic=\"true\"><\/p> <ul><\/ul><\/div>\n<form action=\"\/warsztaty\/wp-json\/wp\/v2\/pages\/557#wpcf7-f553-o1\" method=\"post\" class=\"wpcf7-form init\" aria-label=\"Formularz kontaktowy\" novalidate=\"novalidate\" data-status=\"init\">\n<fieldset class=\"hidden-fields-container\"><input type=\"hidden\" name=\"_wpcf7\" value=\"553\" \/><input type=\"hidden\" name=\"_wpcf7_version\" value=\"6.1.5\" \/><input type=\"hidden\" name=\"_wpcf7_locale\" value=\"pl_PL\" \/><input type=\"hidden\" name=\"_wpcf7_unit_tag\" value=\"wpcf7-f553-o1\" \/><input type=\"hidden\" name=\"_wpcf7_container_post\" value=\"0\" \/><input type=\"hidden\" name=\"_wpcf7_posted_data_hash\" value=\"\" \/><input type=\"hidden\" name=\"_wpcf7_recaptcha_response\" value=\"\" \/>\n<\/fieldset>\n<p><label> Twoje imi\u0119 i nazwisko<br \/>\n<span class=\"wpcf7-form-control-wrap\" data-name=\"your-name\"><input size=\"40\" maxlength=\"400\" class=\"wpcf7-form-control wpcf7-text wpcf7-validates-as-required\" autocomplete=\"name\" aria-required=\"true\" aria-invalid=\"false\" value=\"\" type=\"text\" name=\"your-name\" \/><\/span> <\/label>\n<\/p>\n<p><label> Tw\u00f3j adres e-mail<br \/>\n<span class=\"wpcf7-form-control-wrap\" data-name=\"your-email\"><input size=\"40\" maxlength=\"400\" class=\"wpcf7-form-control wpcf7-email wpcf7-validates-as-required wpcf7-text wpcf7-validates-as-email\" autocomplete=\"email\" aria-required=\"true\" aria-invalid=\"false\" value=\"\" type=\"email\" name=\"your-email\" \/><\/span> <\/label>\n<\/p>\n<p><label> Temat<br \/>\n<span class=\"wpcf7-form-control-wrap\" data-name=\"your-subject\"><input size=\"40\" maxlength=\"400\" class=\"wpcf7-form-control wpcf7-text wpcf7-validates-as-required\" aria-required=\"true\" aria-invalid=\"false\" value=\"\" type=\"text\" name=\"your-subject\" \/><\/span> <\/label>\n<\/p>\n<p><label> Rezerwacja &#8211; ilo\u015b\u0107 os\u00f3b<br \/>\n<span class=\"wpcf7-form-control-wrap\" data-name=\"number-925\"><input class=\"wpcf7-form-control wpcf7-number wpcf7-validates-as-number\" aria-invalid=\"false\" value=\"\" type=\"number\" name=\"number-925\" \/><\/span> <\/label>\n<\/p>\n<p><label> Twoja wiadomo\u015bci (opcjonalne)<br \/>\n<span class=\"wpcf7-form-control-wrap\" data-name=\"your-message\"><textarea cols=\"40\" rows=\"10\" maxlength=\"2000\" class=\"wpcf7-form-control wpcf7-textarea\" aria-invalid=\"false\" name=\"your-message\"><\/textarea><\/span> <\/label>\n<\/p>\n<p><label> Tw\u00f3j telefon<br \/>\n<span class=\"wpcf7-form-control-wrap\" data-name=\"tel-557\"><input size=\"40\" maxlength=\"400\" class=\"wpcf7-form-control wpcf7-tel wpcf7-text wpcf7-validates-as-tel\" aria-invalid=\"false\" value=\"\" type=\"tel\" name=\"tel-557\" \/><\/span> <\/label>\n<\/p>\n<p><input class=\"wpcf7-form-control wpcf7-submit has-spinner\" type=\"submit\" value=\"Wy\u015blij\" \/>\n<\/p><div class=\"wpcf7-response-output\" aria-hidden=\"true\"><\/div>\n<\/form>\n<\/div>\n<\/div><\/div><\/div><div class=\"rowItem col-md-4 col-ms-12 btTextLeft\"  data-width=\"4\"><div class=\"rowItemContent\" ><\/div><\/div><\/div><\/div><\/div><\/div><\/div><\/section><section id=\"bt_section69f0a45c3c74d\"  class=\"boldSection topSemiSpaced bottomSemiSpaced btDarkSkin gutter inherit\" ><div class=\"port\"><div class=\"boldCell\"><div class=\"boldCellInner\"><div class=\"boldRow \" ><div class=\"boldRowInner\"><div class=\"rowItem col-md-12 col-ms-12  btTextCenter inherit\"  data-width=\"12\"><div class=\"rowItemContent\" ><header class=\"header btClear medium btDash bottomDash\" style=\"margin-bottom: 0px;\"><div class=\"dash\"><h3><span class=\"headline\">Nie przegap tego wydarzenia<\/span><\/h3><\/div><div class=\"btSubTitle\">Czekamy na Ciebie w Ustce!<\/div><\/header><div class=\"btClear btSeparator topSemiSpaced noBorder\" ><hr><\/div><\/div><\/div><\/div><\/div><\/div><\/div><\/div><\/section><\/div>","protected":false},"excerpt":{"rendered":"","protected":false},"author":1,"featured_media":0,"parent":0,"menu_order":0,"comment_status":"closed","ping_status":"closed","template":"","meta":{"footnotes":""},"class_list":["post-557","page","type-page","status-publish","hentry"],"yoast_head":"<!-- This site is optimized with the Yoast SEO plugin v27.3 - https:\/\/yoast.com\/product\/yoast-seo-wordpress\/ -->\n<title>10-12.06.2026 USTKA - Jacek Jerka - Warsztaty z PZP<\/title>\n<meta name=\"description\" content=\"PRAKTYCZNE WARSZTATY ZAM\u00d3WIE\u0143 PUBLICZNYCH: Zam\u00f3wienia Publiczne 2026: najnowsze zmiany w przepisach w trakcie roku, problemy, zawi\u0142o\u015bci, praktyczne wskaz\u00f3wki. Zam\u00f3wienia ze \u015brodk\u00f3w krajowych, unijnych oraz KPO.\" \/>\n<meta name=\"robots\" content=\"index, follow, max-snippet:-1, max-image-preview:large, max-video-preview:-1\" \/>\n<link rel=\"canonical\" href=\"https:\/\/noweprzetargi.pl\/warsztaty\/ustka\/\" \/>\n<meta property=\"og:locale\" content=\"pl_PL\" \/>\n<meta property=\"og:type\" content=\"article\" \/>\n<meta property=\"og:title\" content=\"10-12.06.2026 USTKA - Jacek Jerka - Warsztaty z PZP\" \/>\n<meta property=\"og:description\" content=\"PRAKTYCZNE WARSZTATY ZAM\u00d3WIE\u0143 PUBLICZNYCH: Zam\u00f3wienia Publiczne 2026: najnowsze zmiany w przepisach w trakcie roku, problemy, zawi\u0142o\u015bci, praktyczne wskaz\u00f3wki. Zam\u00f3wienia ze \u015brodk\u00f3w krajowych, unijnych oraz KPO.\" \/>\n<meta property=\"og:url\" content=\"https:\/\/noweprzetargi.pl\/warsztaty\/ustka\/\" \/>\n<meta property=\"og:site_name\" content=\"Warsztaty Zam\u00f3wie\u0144 Publicznych\" \/>\n<meta property=\"article:publisher\" content=\"https:\/\/www.facebook.com\/nowe.przetargi\/\" \/>\n<meta property=\"article:modified_time\" content=\"2026-04-03T08:08:25+00:00\" \/>\n<meta property=\"og:image\" content=\"https:\/\/noweprzetargi.pl\/warsztaty\/wp-content\/uploads\/2026\/04\/JJ_UST_10-12-06-2026_2.png\" \/>\n\t<meta property=\"og:image:width\" content=\"1800\" \/>\n\t<meta property=\"og:image:height\" content=\"1000\" \/>\n\t<meta property=\"og:image:type\" content=\"image\/png\" \/>\n<meta name=\"twitter:card\" content=\"summary_large_image\" \/>\n<meta name=\"twitter:image\" content=\"https:\/\/noweprzetargi.pl\/warsztaty\/wp-content\/uploads\/2023\/02\/JJ_UST_19-21-04-2023.jpg\" \/>\n<meta name=\"twitter:label1\" content=\"Szacowany czas czytania\" \/>\n\t<meta name=\"twitter:data1\" content=\"22 minuty\" \/>\n<script type=\"application\/ld+json\" class=\"yoast-schema-graph\">{\"@context\":\"https:\\\/\\\/schema.org\",\"@graph\":[{\"@type\":\"WebPage\",\"@id\":\"https:\\\/\\\/noweprzetargi.pl\\\/warsztaty\\\/ustka\\\/\",\"url\":\"https:\\\/\\\/noweprzetargi.pl\\\/warsztaty\\\/ustka\\\/\",\"name\":\"10-12.06.2026 USTKA - Jacek Jerka - Warsztaty z PZP\",\"isPartOf\":{\"@id\":\"https:\\\/\\\/noweprzetargi.pl\\\/warsztaty\\\/#website\"},\"primaryImageOfPage\":{\"@id\":\"https:\\\/\\\/noweprzetargi.pl\\\/warsztaty\\\/ustka\\\/#primaryimage\"},\"image\":{\"@id\":\"https:\\\/\\\/noweprzetargi.pl\\\/warsztaty\\\/ustka\\\/#primaryimage\"},\"thumbnailUrl\":\"https:\\\/\\\/noweprzetargi.pl\\\/warsztaty\\\/wp-content\\\/uploads\\\/2022\\\/12\\\/5-stars_1.png\",\"datePublished\":\"2023-01-25T11:52:32+00:00\",\"dateModified\":\"2026-04-03T08:08:25+00:00\",\"description\":\"PRAKTYCZNE WARSZTATY ZAM\u00d3WIE\u0143 PUBLICZNYCH: Zam\u00f3wienia Publiczne 2026: najnowsze zmiany w przepisach w trakcie roku, problemy, zawi\u0142o\u015bci, praktyczne wskaz\u00f3wki. Zam\u00f3wienia ze \u015brodk\u00f3w krajowych, unijnych oraz KPO.\",\"breadcrumb\":{\"@id\":\"https:\\\/\\\/noweprzetargi.pl\\\/warsztaty\\\/ustka\\\/#breadcrumb\"},\"inLanguage\":\"pl-PL\",\"potentialAction\":[{\"@type\":\"ReadAction\",\"target\":[\"https:\\\/\\\/noweprzetargi.pl\\\/warsztaty\\\/ustka\\\/\"]}]},{\"@type\":\"ImageObject\",\"inLanguage\":\"pl-PL\",\"@id\":\"https:\\\/\\\/noweprzetargi.pl\\\/warsztaty\\\/ustka\\\/#primaryimage\",\"url\":\"https:\\\/\\\/noweprzetargi.pl\\\/warsztaty\\\/wp-content\\\/uploads\\\/2022\\\/12\\\/5-stars_1.png\",\"contentUrl\":\"https:\\\/\\\/noweprzetargi.pl\\\/warsztaty\\\/wp-content\\\/uploads\\\/2022\\\/12\\\/5-stars_1.png\",\"width\":300,\"height\":100},{\"@type\":\"BreadcrumbList\",\"@id\":\"https:\\\/\\\/noweprzetargi.pl\\\/warsztaty\\\/ustka\\\/#breadcrumb\",\"itemListElement\":[{\"@type\":\"ListItem\",\"position\":1,\"name\":\"Strona g\u0142\u00f3wna\",\"item\":\"https:\\\/\\\/noweprzetargi.pl\\\/warsztaty\\\/\"},{\"@type\":\"ListItem\",\"position\":2,\"name\":\"Ustka\"}]},{\"@type\":\"WebSite\",\"@id\":\"https:\\\/\\\/noweprzetargi.pl\\\/warsztaty\\\/#website\",\"url\":\"https:\\\/\\\/noweprzetargi.pl\\\/warsztaty\\\/\",\"name\":\"Warsztaty Zam\u00f3wie\u0144 Publicznych\",\"description\":\"Szkolenia lepsze ni\u017c te do kt\u00f3rych przywyk\u0142e\u015b\",\"publisher\":{\"@id\":\"https:\\\/\\\/noweprzetargi.pl\\\/warsztaty\\\/#organization\"},\"potentialAction\":[{\"@type\":\"SearchAction\",\"target\":{\"@type\":\"EntryPoint\",\"urlTemplate\":\"https:\\\/\\\/noweprzetargi.pl\\\/warsztaty\\\/?s={search_term_string}\"},\"query-input\":{\"@type\":\"PropertyValueSpecification\",\"valueRequired\":true,\"valueName\":\"search_term_string\"}}],\"inLanguage\":\"pl-PL\"},{\"@type\":\"Organization\",\"@id\":\"https:\\\/\\\/noweprzetargi.pl\\\/warsztaty\\\/#organization\",\"name\":\"Warsztaty Zam\u00f3wie\u0144 Publicznych\",\"url\":\"https:\\\/\\\/noweprzetargi.pl\\\/warsztaty\\\/\",\"logo\":{\"@type\":\"ImageObject\",\"inLanguage\":\"pl-PL\",\"@id\":\"https:\\\/\\\/noweprzetargi.pl\\\/warsztaty\\\/#\\\/schema\\\/logo\\\/image\\\/\",\"url\":\"https:\\\/\\\/noweprzetargi.pl\\\/warsztaty\\\/wp-content\\\/uploads\\\/2022\\\/12\\\/np-100-600.png\",\"contentUrl\":\"https:\\\/\\\/noweprzetargi.pl\\\/warsztaty\\\/wp-content\\\/uploads\\\/2022\\\/12\\\/np-100-600.png\",\"width\":660,\"height\":110,\"caption\":\"Warsztaty Zam\u00f3wie\u0144 Publicznych\"},\"image\":{\"@id\":\"https:\\\/\\\/noweprzetargi.pl\\\/warsztaty\\\/#\\\/schema\\\/logo\\\/image\\\/\"},\"sameAs\":[\"https:\\\/\\\/www.facebook.com\\\/nowe.przetargi\\\/\"]}]}<\/script>\n<!-- \/ Yoast SEO plugin. -->","yoast_head_json":{"title":"10-12.06.2026 USTKA - Jacek Jerka - Warsztaty z PZP","description":"PRAKTYCZNE WARSZTATY ZAM\u00d3WIE\u0143 PUBLICZNYCH: Zam\u00f3wienia Publiczne 2026: najnowsze zmiany w przepisach w trakcie roku, problemy, zawi\u0142o\u015bci, praktyczne wskaz\u00f3wki. Zam\u00f3wienia ze \u015brodk\u00f3w krajowych, unijnych oraz KPO.","robots":{"index":"index","follow":"follow","max-snippet":"max-snippet:-1","max-image-preview":"max-image-preview:large","max-video-preview":"max-video-preview:-1"},"canonical":"https:\/\/noweprzetargi.pl\/warsztaty\/ustka\/","og_locale":"pl_PL","og_type":"article","og_title":"10-12.06.2026 USTKA - Jacek Jerka - Warsztaty z PZP","og_description":"PRAKTYCZNE WARSZTATY ZAM\u00d3WIE\u0143 PUBLICZNYCH: Zam\u00f3wienia Publiczne 2026: najnowsze zmiany w przepisach w trakcie roku, problemy, zawi\u0142o\u015bci, praktyczne wskaz\u00f3wki. Zam\u00f3wienia ze \u015brodk\u00f3w krajowych, unijnych oraz KPO.","og_url":"https:\/\/noweprzetargi.pl\/warsztaty\/ustka\/","og_site_name":"Warsztaty Zam\u00f3wie\u0144 Publicznych","article_publisher":"https:\/\/www.facebook.com\/nowe.przetargi\/","article_modified_time":"2026-04-03T08:08:25+00:00","og_image":[{"width":1800,"height":1000,"url":"https:\/\/noweprzetargi.pl\/warsztaty\/wp-content\/uploads\/2026\/04\/JJ_UST_10-12-06-2026_2.png","type":"image\/png"}],"twitter_card":"summary_large_image","twitter_image":"https:\/\/noweprzetargi.pl\/warsztaty\/wp-content\/uploads\/2023\/02\/JJ_UST_19-21-04-2023.jpg","twitter_misc":{"Szacowany czas czytania":"22 minuty"},"schema":{"@context":"https:\/\/schema.org","@graph":[{"@type":"WebPage","@id":"https:\/\/noweprzetargi.pl\/warsztaty\/ustka\/","url":"https:\/\/noweprzetargi.pl\/warsztaty\/ustka\/","name":"10-12.06.2026 USTKA - Jacek Jerka - Warsztaty z PZP","isPartOf":{"@id":"https:\/\/noweprzetargi.pl\/warsztaty\/#website"},"primaryImageOfPage":{"@id":"https:\/\/noweprzetargi.pl\/warsztaty\/ustka\/#primaryimage"},"image":{"@id":"https:\/\/noweprzetargi.pl\/warsztaty\/ustka\/#primaryimage"},"thumbnailUrl":"https:\/\/noweprzetargi.pl\/warsztaty\/wp-content\/uploads\/2022\/12\/5-stars_1.png","datePublished":"2023-01-25T11:52:32+00:00","dateModified":"2026-04-03T08:08:25+00:00","description":"PRAKTYCZNE WARSZTATY ZAM\u00d3WIE\u0143 PUBLICZNYCH: Zam\u00f3wienia Publiczne 2026: najnowsze zmiany w przepisach w trakcie roku, problemy, zawi\u0142o\u015bci, praktyczne wskaz\u00f3wki. Zam\u00f3wienia ze \u015brodk\u00f3w krajowych, unijnych oraz KPO.","breadcrumb":{"@id":"https:\/\/noweprzetargi.pl\/warsztaty\/ustka\/#breadcrumb"},"inLanguage":"pl-PL","potentialAction":[{"@type":"ReadAction","target":["https:\/\/noweprzetargi.pl\/warsztaty\/ustka\/"]}]},{"@type":"ImageObject","inLanguage":"pl-PL","@id":"https:\/\/noweprzetargi.pl\/warsztaty\/ustka\/#primaryimage","url":"https:\/\/noweprzetargi.pl\/warsztaty\/wp-content\/uploads\/2022\/12\/5-stars_1.png","contentUrl":"https:\/\/noweprzetargi.pl\/warsztaty\/wp-content\/uploads\/2022\/12\/5-stars_1.png","width":300,"height":100},{"@type":"BreadcrumbList","@id":"https:\/\/noweprzetargi.pl\/warsztaty\/ustka\/#breadcrumb","itemListElement":[{"@type":"ListItem","position":1,"name":"Strona g\u0142\u00f3wna","item":"https:\/\/noweprzetargi.pl\/warsztaty\/"},{"@type":"ListItem","position":2,"name":"Ustka"}]},{"@type":"WebSite","@id":"https:\/\/noweprzetargi.pl\/warsztaty\/#website","url":"https:\/\/noweprzetargi.pl\/warsztaty\/","name":"Warsztaty Zam\u00f3wie\u0144 Publicznych","description":"Szkolenia lepsze ni\u017c te do kt\u00f3rych przywyk\u0142e\u015b","publisher":{"@id":"https:\/\/noweprzetargi.pl\/warsztaty\/#organization"},"potentialAction":[{"@type":"SearchAction","target":{"@type":"EntryPoint","urlTemplate":"https:\/\/noweprzetargi.pl\/warsztaty\/?s={search_term_string}"},"query-input":{"@type":"PropertyValueSpecification","valueRequired":true,"valueName":"search_term_string"}}],"inLanguage":"pl-PL"},{"@type":"Organization","@id":"https:\/\/noweprzetargi.pl\/warsztaty\/#organization","name":"Warsztaty Zam\u00f3wie\u0144 Publicznych","url":"https:\/\/noweprzetargi.pl\/warsztaty\/","logo":{"@type":"ImageObject","inLanguage":"pl-PL","@id":"https:\/\/noweprzetargi.pl\/warsztaty\/#\/schema\/logo\/image\/","url":"https:\/\/noweprzetargi.pl\/warsztaty\/wp-content\/uploads\/2022\/12\/np-100-600.png","contentUrl":"https:\/\/noweprzetargi.pl\/warsztaty\/wp-content\/uploads\/2022\/12\/np-100-600.png","width":660,"height":110,"caption":"Warsztaty Zam\u00f3wie\u0144 Publicznych"},"image":{"@id":"https:\/\/noweprzetargi.pl\/warsztaty\/#\/schema\/logo\/image\/"},"sameAs":["https:\/\/www.facebook.com\/nowe.przetargi\/"]}]}},"_links":{"self":[{"href":"https:\/\/noweprzetargi.pl\/warsztaty\/wp-json\/wp\/v2\/pages\/557","targetHints":{"allow":["GET"]}}],"collection":[{"href":"https:\/\/noweprzetargi.pl\/warsztaty\/wp-json\/wp\/v2\/pages"}],"about":[{"href":"https:\/\/noweprzetargi.pl\/warsztaty\/wp-json\/wp\/v2\/types\/page"}],"author":[{"embeddable":true,"href":"https:\/\/noweprzetargi.pl\/warsztaty\/wp-json\/wp\/v2\/users\/1"}],"replies":[{"embeddable":true,"href":"https:\/\/noweprzetargi.pl\/warsztaty\/wp-json\/wp\/v2\/comments?post=557"}],"version-history":[{"count":35,"href":"https:\/\/noweprzetargi.pl\/warsztaty\/wp-json\/wp\/v2\/pages\/557\/revisions"}],"predecessor-version":[{"id":1530,"href":"https:\/\/noweprzetargi.pl\/warsztaty\/wp-json\/wp\/v2\/pages\/557\/revisions\/1530"}],"wp:attachment":[{"href":"https:\/\/noweprzetargi.pl\/warsztaty\/wp-json\/wp\/v2\/media?parent=557"}],"curies":[{"name":"wp","href":"https:\/\/api.w.org\/{rel}","templated":true}]}}